{"id":44465,"date":"2025-04-24T08:42:48","date_gmt":"2025-04-24T08:42:48","guid":{"rendered":"https:\/\/proacomunicacion.es\/?post_type=dialogos-proa&#038;p=44465"},"modified":"2025-06-02T11:46:07","modified_gmt":"2025-06-02T11:46:07","slug":"felix-sanz-roldan-ex-director-of-the-cni-world-leaders-have-turned-the-popes-funeral-into-a-geopolitical-event","status":"publish","type":"dialogos-proa","link":"https:\/\/proacomunicacion.es\/en\/dialogos-proa\/felix-sanz-roldan-exdirector-del-cni-los-lideres-mundiales-han-convertido-el-funeral-del-papa-en-un-acontecimiento-geopolitico\/","title":{"rendered":"F\u00e9lix Sanz Rold\u00e1n, former director of the CNI: \"World leaders have turned the Pope's funeral into a geopolitical event\"."},"content":{"rendered":"<p>Under the title 'Too much geopolitics: a convenient conversation', PROA Comunicaci\u00f3n has held a new session of its <strong><em>Current Affairs Dialogues <\/em>General F\u00e9lix Sanz Rold\u00e1n, former director of the National Intelligence Centre, and Florentino Portero, historian and analyst of international relations, took part.<\/strong><\/p>\n\n\n\n<p><strong>Luc\u00eda Casanueva, managing partner of PROA Comunicaci\u00f3n, warned that companies must manage increasing pressure to take a position in geopolitical conflicts without compromising their stability and reputation.<\/strong><\/p>\n\n\n\n<p>Geopolitical tensions and their effects on the economy dominate the news agenda with a growing volume of information, in many cases confusing and biased. In the last <em>Current Affairs Dialogue<\/em> from <a href=\"https:\/\/proacomunicacion.es\/en\/\">PROA Communication<\/a>The General of the European Commission, held at its headquarters in Madrid, Gen. <strong>F\u00e9lix Sanz Rold\u00e1n<\/strong> and international relations historian and analyst <strong>Florentino Portero<\/strong> have addressed Spain's position in the new and conflictive international scenario, as well as the importance of political and business decision-makers being able to adequately interpret the new global context.&nbsp;<\/p>\n\n\n\n<p>During his speech, <strong>Sanz Rold\u00e1n<\/strong>former director of the National Intelligence Centre between 2009 and 2019, has raised the defence and security needs of Spain and Europe in the context of the new policies of the US government, the Russian invasion of Ukraine and the rise of China. \"Europe must address a treaty change to recognise defence between member states. The EU has the instrument, two million well-equipped soldiers, with which to generate a common defence policy, a European identity and a European chain of command. It is a question of will,\" he said.<\/p>\n\n\n\n<p>The former Chief of Defence Staff between 2004 and 2008 warned that geopolitics has become part of the priorities of companies, not just large multinationals: \"The thing that companies need to be most concerned about is the unpredictability of events. Companies need to plan, but now it is impossible when, for example, tariffs change from one moment to the next.<\/p>\n\n\n\n<p>He also warned that \"geopolitics is taking up more space than it should and needs to be put in its place\". \"For example, in view of the death of the Holy Father, the Pope's funeral is being interpreted as an occasion for world leaders to meet in Rome, talk about geopolitics and try to resolve some of the problems that affect us. In other words, an event as unique as this becomes a geopolitical event.<\/p>\n\n\n\n<p>\"In this period of uncertainty, my advice is to spoil as little as possible, to return to a Kissinger-style order: let us be able to respect those who have the power in the same way that those who have the power respect us\", Sanz Rold\u00e1n concluded.<\/p>\n\n\n\n<p><strong>Rebuilding the relationship with the United States<\/strong><\/p>\n\n\n\n<p><strong>Florentino Portero<\/strong> referred to the necessary change in the training of senior executives, including knowledge of international relations, as is the case with executives in countries such as the United Kingdom and France, \"so that they understand the theatre of operations\". In this sense, he also advocated that Spanish embassies should provide greater coverage for companies. \"In other countries, large commercial contracts are closed with ambassadors. Foreign trade is done with the State and we must learn to do it better\".<\/p>\n\n\n\n<p>Regarding Donald Trump's turnaround on Russia and Europe, the university professor and PhD in Contemporary History indicated that \"the EU will be able to rebuild its relationship with the United States to a large extent, but it will be in a different way and will require much more European commitment\". \"In Europe we have an answer to all the problems, but we need to organise that answer, and if we don't do it, we are guaranteed to decline for a century. It is time for high politics\", he said.<\/p>\n\n\n\n<p>The two experts also analysed how the search for European strategic autonomy also creates opportunities in sectors as different as the defence industry and technology. It should be remembered that the government plans to increase defence spending and reach the target of 2% of GDP this year, in the face of pressure from Washington and NATO. To achieve this, Pedro S\u00e1nchez announced this week a new investment of 10,471 million euros, bringing the total to more than 33,100 million euros by 2025. In this regard, both experts were optimistic about NATO's future, given the good results that, in their opinion, it has produced to date.<\/p>\n\n\n\n<p>At the presentation of the colloquium, <strong>Luc\u00eda Casanueva<\/strong>The managing partner of PROA Comunicaci\u00f3n, pointed out that \"companies must manage increasing pressure to take a position in geopolitical conflicts and this must be done without compromising their stability and reputation\". She also stressed that \"companies must communicate with purpose, acting with transparency and judgement in the face of growing social and geopolitical pressures\".<\/p>\n\n\n\n<p>At the close of the Dialogue, which was attended by CEOs and senior executives from the private sector, as well as representatives of various business associations, there was also time for an intense exchange of ideas with the speakers, proof of the uncertainty that international relations project on the different industries. \"At PROA Comunicaci\u00f3n we are committed to a strategic approach to both communication and public affairs, and we seek to create spaces for reflection in the midst of noise and misinformation. We not only manage messages, but also build trust and anticipate scenarios in an uncertain environment,\" said Casanueva.<\/p>","protected":false},"featured_media":44466,"template":"","class_list":["post-44465","dialogos-proa","type-dialogos-proa","status-publish","has-post-thumbnail","hentry"],"yoast_head":"<!-- This site is optimized with the Yoast SEO plugin v27.0 - https:\/\/yoast.com\/product\/yoast-seo-wordpress\/ -->\n<title>F\u00e9lix Sanz Rold\u00e1n, exdirector del CNI: \u201cLos l\u00edderes mundiales han convertido el funeral del Papa en un acontecimiento geopol\u00edtico\u201d - PROA Comunicaci\u00f3n<\/title>\n<meta name=\"robots\" content=\"index, follow, max-snippet:-1, max-image-preview:large, max-video-preview:-1\" \/>\n<link rel=\"canonical\" href=\"https:\/\/proacomunicacion.es\/en\/proa-dialogues\/felix-sanz-roldan-ex-director-of-the-cni-world-leaders-have-turned-the-popes-funeral-into-a-geopolitical-event\/\" \/>\n<meta property=\"og:locale\" content=\"en_GB\" \/>\n<meta property=\"og:type\" content=\"article\" \/>\n<meta property=\"og:title\" content=\"F\u00e9lix Sanz Rold\u00e1n, exdirector del CNI: \u201cLos l\u00edderes mundiales han convertido el funeral del Papa en un acontecimiento geopol\u00edtico\u201d - PROA Comunicaci\u00f3n\" \/>\n<meta property=\"og:description\" content=\"Con el t\u00edtulo de \u2018Demasiada geopol\u00edtica: una conversaci\u00f3n conveniente\u2019, PROA Comunicaci\u00f3n ha celebrado una nueva sesi\u00f3n de sus Di\u00e1logos de Actualidad en la que han participado el general F\u00e9lix Sanz Rold\u00e1n, exdirector del Centro Nacional de Inteligencia, y Florentino Portero, historiador y analista de relaciones internacionales. Luc\u00eda Casanueva, socia directora de PROA Comunicaci\u00f3n, ha advertido [&hellip;]\" \/>\n<meta property=\"og:url\" content=\"https:\/\/proacomunicacion.es\/en\/proa-dialogues\/felix-sanz-roldan-ex-director-of-the-cni-world-leaders-have-turned-the-popes-funeral-into-a-geopolitical-event\/\" \/>\n<meta property=\"og:site_name\" content=\"PROA Comunicaci\u00f3n\" \/>\n<meta property=\"article:modified_time\" content=\"2025-06-02T11:46:07+00:00\" \/>\n<meta property=\"og:image\" content=\"https:\/\/proacomunicacion.es\/wp-content\/uploads\/2025\/04\/PROA-4-1-scaled.jpg\" \/>\n\t<meta property=\"og:image:width\" content=\"2560\" \/>\n\t<meta property=\"og:image:height\" content=\"1941\" \/>\n\t<meta property=\"og:image:type\" content=\"image\/jpeg\" \/>\n<meta name=\"twitter:card\" content=\"summary_large_image\" \/>\n<meta name=\"twitter:site\" content=\"@proacomunica\" \/>\n<meta name=\"twitter:label1\" content=\"Estimated reading time\" \/>\n\t<meta name=\"twitter:data1\" content=\"5 minutes\" \/>\n<script type=\"application\/ld+json\" class=\"yoast-schema-graph\">{\"@context\":\"https:\/\/schema.org\",\"@graph\":[{\"@type\":\"WebPage\",\"@id\":\"https:\/\/proacomunicacion.es\/dialogos-proa\/felix-sanz-roldan-exdirector-del-cni-los-lideres-mundiales-han-convertido-el-funeral-del-papa-en-un-acontecimiento-geopolitico\/\",\"url\":\"https:\/\/proacomunicacion.es\/dialogos-proa\/felix-sanz-roldan-exdirector-del-cni-los-lideres-mundiales-han-convertido-el-funeral-del-papa-en-un-acontecimiento-geopolitico\/\",\"name\":\"F\u00e9lix Sanz Rold\u00e1n, exdirector del CNI: \u201cLos l\u00edderes mundiales han convertido el funeral del Papa en un acontecimiento geopol\u00edtico\u201d - PROA Comunicaci\u00f3n\",\"isPartOf\":{\"@id\":\"https:\/\/proacomunicacion.es\/#website\"},\"primaryImageOfPage\":{\"@id\":\"https:\/\/proacomunicacion.es\/dialogos-proa\/felix-sanz-roldan-exdirector-del-cni-los-lideres-mundiales-han-convertido-el-funeral-del-papa-en-un-acontecimiento-geopolitico\/#primaryimage\"},\"image\":{\"@id\":\"https:\/\/proacomunicacion.es\/dialogos-proa\/felix-sanz-roldan-exdirector-del-cni-los-lideres-mundiales-han-convertido-el-funeral-del-papa-en-un-acontecimiento-geopolitico\/#primaryimage\"},\"thumbnailUrl\":\"https:\/\/proacomunicacion.es\/wp-content\/uploads\/2025\/04\/PROA-4-1-scaled.jpg\",\"datePublished\":\"2025-04-24T08:42:48+00:00\",\"dateModified\":\"2025-06-02T11:46:07+00:00\",\"breadcrumb\":{\"@id\":\"https:\/\/proacomunicacion.es\/dialogos-proa\/felix-sanz-roldan-exdirector-del-cni-los-lideres-mundiales-han-convertido-el-funeral-del-papa-en-un-acontecimiento-geopolitico\/#breadcrumb\"},\"inLanguage\":\"en-GB\",\"potentialAction\":[{\"@type\":\"ReadAction\",\"target\":[\"https:\/\/proacomunicacion.es\/dialogos-proa\/felix-sanz-roldan-exdirector-del-cni-los-lideres-mundiales-han-convertido-el-funeral-del-papa-en-un-acontecimiento-geopolitico\/\"]}]},{\"@type\":\"ImageObject\",\"inLanguage\":\"en-GB\",\"@id\":\"https:\/\/proacomunicacion.es\/dialogos-proa\/felix-sanz-roldan-exdirector-del-cni-los-lideres-mundiales-han-convertido-el-funeral-del-papa-en-un-acontecimiento-geopolitico\/#primaryimage\",\"url\":\"https:\/\/proacomunicacion.es\/wp-content\/uploads\/2025\/04\/PROA-4-1-scaled.jpg\",\"contentUrl\":\"https:\/\/proacomunicacion.es\/wp-content\/uploads\/2025\/04\/PROA-4-1-scaled.jpg\",\"width\":2560,\"height\":1941},{\"@type\":\"BreadcrumbList\",\"@id\":\"https:\/\/proacomunicacion.es\/dialogos-proa\/felix-sanz-roldan-exdirector-del-cni-los-lideres-mundiales-han-convertido-el-funeral-del-papa-en-un-acontecimiento-geopolitico\/#breadcrumb\",\"itemListElement\":[{\"@type\":\"ListItem\",\"position\":1,\"name\":\"Portada\",\"item\":\"https:\/\/proacomunicacion.es\/\"},{\"@type\":\"ListItem\",\"position\":2,\"name\":\"Di\u00e1logos PROA\",\"item\":\"https:\/\/proacomunicacion.es\/dialogos-proa\/\"},{\"@type\":\"ListItem\",\"position\":3,\"name\":\"F\u00e9lix Sanz Rold\u00e1n, exdirector del CNI: \u201cLos l\u00edderes mundiales han convertido el funeral del Papa en un acontecimiento geopol\u00edtico\u201d\"}]},{\"@type\":\"WebSite\",\"@id\":\"https:\/\/proacomunicacion.es\/#website\",\"url\":\"https:\/\/proacomunicacion.es\/\",\"name\":\"PROA Comunicaci\u00f3n\",\"description\":\"Agencia de Comunicaci\u00f3n Corporativa en Madrid, Barcelona y Galicia.\",\"publisher\":{\"@id\":\"https:\/\/proacomunicacion.es\/#organization\"},\"alternateName\":\"PROA Comunicaci\u00f3n\",\"potentialAction\":[{\"@type\":\"SearchAction\",\"target\":{\"@type\":\"EntryPoint\",\"urlTemplate\":\"https:\/\/proacomunicacion.es\/?s={search_term_string}\"},\"query-input\":{\"@type\":\"PropertyValueSpecification\",\"valueRequired\":true,\"valueName\":\"search_term_string\"}}],\"inLanguage\":\"en-GB\"},{\"@type\":\"Organization\",\"@id\":\"https:\/\/proacomunicacion.es\/#organization\",\"name\":\"PROA Comunicaci\u00f3n\",\"alternateName\":\"PROA Comunicaci\u00f3n\",\"url\":\"https:\/\/proacomunicacion.es\/\",\"logo\":{\"@type\":\"ImageObject\",\"inLanguage\":\"en-GB\",\"@id\":\"https:\/\/proacomunicacion.es\/#\/schema\/logo\/image\/\",\"url\":\"https:\/\/proacomunicacion.es\/wp-content\/uploads\/2024\/01\/Logo_Light.svg\",\"contentUrl\":\"https:\/\/proacomunicacion.es\/wp-content\/uploads\/2024\/01\/Logo_Light.svg\",\"width\":136,\"height\":33,\"caption\":\"PROA Comunicaci\u00f3n\"},\"image\":{\"@id\":\"https:\/\/proacomunicacion.es\/#\/schema\/logo\/image\/\"},\"sameAs\":[\"https:\/\/x.com\/proacomunica\",\"https:\/\/es.linkedin.com\/company\/proa-comunicacion_2\",\"https:\/\/www.instagram.com\/proacomunica\/\",\"https:\/\/www.youtube.com\/@proacomunicacion\",\"https:\/\/es.wikipedia.org\/wiki\/PROA_Comunicacin\"]}]}<\/script>\n<!-- \/ Yoast SEO plugin. -->","yoast_head_json":{"title":"F\u00e9lix Sanz Rold\u00e1n, former director of the CNI: \"World leaders have turned the Pope's funeral into a geopolitical event\" - PROA Comunicaci\u00f3n","robots":{"index":"index","follow":"follow","max-snippet":"max-snippet:-1","max-image-preview":"max-image-preview:large","max-video-preview":"max-video-preview:-1"},"canonical":"https:\/\/proacomunicacion.es\/en\/proa-dialogues\/felix-sanz-roldan-ex-director-of-the-cni-world-leaders-have-turned-the-popes-funeral-into-a-geopolitical-event\/","og_locale":"en_GB","og_type":"article","og_title":"F\u00e9lix Sanz Rold\u00e1n, exdirector del CNI: \u201cLos l\u00edderes mundiales han convertido el funeral del Papa en un acontecimiento geopol\u00edtico\u201d - PROA Comunicaci\u00f3n","og_description":"Con el t\u00edtulo de \u2018Demasiada geopol\u00edtica: una conversaci\u00f3n conveniente\u2019, PROA Comunicaci\u00f3n ha celebrado una nueva sesi\u00f3n de sus Di\u00e1logos de Actualidad en la que han participado el general F\u00e9lix Sanz Rold\u00e1n, exdirector del Centro Nacional de Inteligencia, y Florentino Portero, historiador y analista de relaciones internacionales. Luc\u00eda Casanueva, socia directora de PROA Comunicaci\u00f3n, ha advertido [&hellip;]","og_url":"https:\/\/proacomunicacion.es\/en\/proa-dialogues\/felix-sanz-roldan-ex-director-of-the-cni-world-leaders-have-turned-the-popes-funeral-into-a-geopolitical-event\/","og_site_name":"PROA Comunicaci\u00f3n","article_modified_time":"2025-06-02T11:46:07+00:00","og_image":[{"width":2560,"height":1941,"url":"https:\/\/proacomunicacion.es\/wp-content\/uploads\/2025\/04\/PROA-4-1-scaled.jpg","type":"image\/jpeg"}],"twitter_card":"summary_large_image","twitter_site":"@proacomunica","twitter_misc":{"Estimated reading time":"5 minutes"},"schema":{"@context":"https:\/\/schema.org","@graph":[{"@type":"WebPage","@id":"https:\/\/proacomunicacion.es\/dialogos-proa\/felix-sanz-roldan-exdirector-del-cni-los-lideres-mundiales-han-convertido-el-funeral-del-papa-en-un-acontecimiento-geopolitico\/","url":"https:\/\/proacomunicacion.es\/dialogos-proa\/felix-sanz-roldan-exdirector-del-cni-los-lideres-mundiales-han-convertido-el-funeral-del-papa-en-un-acontecimiento-geopolitico\/","name":"F\u00e9lix Sanz Rold\u00e1n, former director of the CNI: \"World leaders have turned the Pope's funeral into a geopolitical event\" - PROA Comunicaci\u00f3n","isPartOf":{"@id":"https:\/\/proacomunicacion.es\/#website"},"primaryImageOfPage":{"@id":"https:\/\/proacomunicacion.es\/dialogos-proa\/felix-sanz-roldan-exdirector-del-cni-los-lideres-mundiales-han-convertido-el-funeral-del-papa-en-un-acontecimiento-geopolitico\/#primaryimage"},"image":{"@id":"https:\/\/proacomunicacion.es\/dialogos-proa\/felix-sanz-roldan-exdirector-del-cni-los-lideres-mundiales-han-convertido-el-funeral-del-papa-en-un-acontecimiento-geopolitico\/#primaryimage"},"thumbnailUrl":"https:\/\/proacomunicacion.es\/wp-content\/uploads\/2025\/04\/PROA-4-1-scaled.jpg","datePublished":"2025-04-24T08:42:48+00:00","dateModified":"2025-06-02T11:46:07+00:00","breadcrumb":{"@id":"https:\/\/proacomunicacion.es\/dialogos-proa\/felix-sanz-roldan-exdirector-del-cni-los-lideres-mundiales-han-convertido-el-funeral-del-papa-en-un-acontecimiento-geopolitico\/#breadcrumb"},"inLanguage":"en-GB","potentialAction":[{"@type":"ReadAction","target":["https:\/\/proacomunicacion.es\/dialogos-proa\/felix-sanz-roldan-exdirector-del-cni-los-lideres-mundiales-han-convertido-el-funeral-del-papa-en-un-acontecimiento-geopolitico\/"]}]},{"@type":"ImageObject","inLanguage":"en-GB","@id":"https:\/\/proacomunicacion.es\/dialogos-proa\/felix-sanz-roldan-exdirector-del-cni-los-lideres-mundiales-han-convertido-el-funeral-del-papa-en-un-acontecimiento-geopolitico\/#primaryimage","url":"https:\/\/proacomunicacion.es\/wp-content\/uploads\/2025\/04\/PROA-4-1-scaled.jpg","contentUrl":"https:\/\/proacomunicacion.es\/wp-content\/uploads\/2025\/04\/PROA-4-1-scaled.jpg","width":2560,"height":1941},{"@type":"BreadcrumbList","@id":"https:\/\/proacomunicacion.es\/dialogos-proa\/felix-sanz-roldan-exdirector-del-cni-los-lideres-mundiales-han-convertido-el-funeral-del-papa-en-un-acontecimiento-geopolitico\/#breadcrumb","itemListElement":[{"@type":"ListItem","position":1,"name":"Portada","item":"https:\/\/proacomunicacion.es\/"},{"@type":"ListItem","position":2,"name":"Di\u00e1logos PROA","item":"https:\/\/proacomunicacion.es\/dialogos-proa\/"},{"@type":"ListItem","position":3,"name":"F\u00e9lix Sanz Rold\u00e1n, exdirector del CNI: \u201cLos l\u00edderes mundiales han convertido el funeral del Papa en un acontecimiento geopol\u00edtico\u201d"}]},{"@type":"WebSite","@id":"https:\/\/proacomunicacion.es\/#website","url":"https:\/\/proacomunicacion.es\/","name":"PROA Communication","description":"Corporate Communications Agency in Madrid, Barcelona and Galicia.","publisher":{"@id":"https:\/\/proacomunicacion.es\/#organization"},"alternateName":"PROA Comunicaci\u00f3n","potentialAction":[{"@type":"SearchAction","target":{"@type":"EntryPoint","urlTemplate":"https:\/\/proacomunicacion.es\/?s={search_term_string}"},"query-input":{"@type":"PropertyValueSpecification","valueRequired":true,"valueName":"search_term_string"}}],"inLanguage":"en-GB"},{"@type":"Organization","@id":"https:\/\/proacomunicacion.es\/#organization","name":"PROA Communication","alternateName":"PROA Comunicaci\u00f3n","url":"https:\/\/proacomunicacion.es\/","logo":{"@type":"ImageObject","inLanguage":"en-GB","@id":"https:\/\/proacomunicacion.es\/#\/schema\/logo\/image\/","url":"https:\/\/proacomunicacion.es\/wp-content\/uploads\/2024\/01\/Logo_Light.svg","contentUrl":"https:\/\/proacomunicacion.es\/wp-content\/uploads\/2024\/01\/Logo_Light.svg","width":136,"height":33,"caption":"PROA Comunicaci\u00f3n"},"image":{"@id":"https:\/\/proacomunicacion.es\/#\/schema\/logo\/image\/"},"sameAs":["https:\/\/x.com\/proacomunica","https:\/\/es.linkedin.com\/company\/proa-comunicacion_2","https:\/\/www.instagram.com\/proacomunica\/","https:\/\/www.youtube.com\/@proacomunicacion","https:\/\/es.wikipedia.org\/wiki\/PROA_Comunicacin"]}]}},"_links":{"self":[{"href":"https:\/\/proacomunicacion.es\/en\/wp-json\/wp\/v2\/dialogos-proa\/44465","targetHints":{"allow":["GET"]}}],"collection":[{"href":"https:\/\/proacomunicacion.es\/en\/wp-json\/wp\/v2\/dialogos-proa"}],"about":[{"href":"https:\/\/proacomunicacion.es\/en\/wp-json\/wp\/v2\/types\/dialogos-proa"}],"wp:featuredmedia":[{"embeddable":true,"href":"https:\/\/proacomunicacion.es\/en\/wp-json\/wp\/v2\/media\/44466"}],"wp:attachment":[{"href":"https:\/\/proacomunicacion.es\/en\/wp-json\/wp\/v2\/media?parent=44465"}],"curies":[{"name":"wp","href":"https:\/\/api.w.org\/{rel}","templated":true}]}}