{"id":40223,"date":"2023-09-28T12:01:47","date_gmt":"2023-09-28T12:01:47","guid":{"rendered":"https:\/\/proacomunicacion.es\/?post_type=en-los-medios&#038;p=40223"},"modified":"2025-09-15T12:47:32","modified_gmt":"2025-09-15T10:47:32","slug":"lucia-casanueva-listening-with-the-eyes","status":"publish","type":"en-los-medios","link":"https:\/\/proacomunicacion.es\/en\/en-los-medios\/lucia-casanueva-escuchar-con-los-ojos\/","title":{"rendered":"Luc\u00eda Casanueva--Listening with the Eyes"},"content":{"rendered":"<p>In her opinion article published in Dircomfidencial, journalist and businesswoman Luc\u00eda Casanueva -founding partner of PROA Comunicaci\u00f3n- reflects on the communicative overexposure that characterises our times and vindicates the value of active listening as an indispensable condition for effective and human communication.<\/p>\n\n\n\n<p>Casanueva describes how we live obsessed with \"telling\" and constantly broadcasting messages in every possible format - posts, stories, opinions, multimedia content - but we have lost the habit of <strong>listening attentively and deeply<\/strong>. This constant broadcasting, he points out, turns us into background noise, distancing us from reality and generating stagnant communication, with no connection to the context or to others.<\/p>\n\n\n\n<p>\"We are missing out on a lot of life if we don't learn to listen, because deploying the sense of listening gives us wings, and retracting it makes us self-absorbed into subjectivity.<\/p>\n\n\n\n<p>He denounces that the <strong>poor communication arises when people do not listen carefully to others' opinions and contextual evidence.<\/strong>This leads to misdiagnosis and wrong decisions. On the contrary, good communication - especially in business - requires the exercise of listening as a strategic tool to integrate different perspectives and reach the right decisions.<\/p>\n\n\n\n<p>Casanueva argues that <strong>Leaders must inspire, persuade and build relationships.<\/strong>and that all of these skills are impossible without actively listening to those around them. Remember that in today's environment of multitasking, teleworking and technological saturation, <strong>\"listening with the eyes<\/strong> -that is, paying full attention to non-verbal communication as well - is key to picking up what the ear sometimes misses.<\/p>\n\n\n\n<p>Finally, it argues that <strong>good communication is an exercise in attentiveness and humility<\/strong>The new communication system, which combats distractions and allows for lucid transmission. \"Healthy communication turns on the loudspeaker to listen without saturating itself and transmits clearly what the eyes listen to attentively,\" he concludes.<\/p>","protected":false},"excerpt":{"rendered":"<p>En su art\u00edculo de opini\u00f3n publicado en Dircomfidencial, la periodista y empresaria Luc\u00eda Casanueva \u2014socia fundadora de PROA Comunicaci\u00f3n\u2014 reflexiona sobre la sobreexposici\u00f3n comunicativa que caracteriza a nuestra \u00e9poca y reivindica el valor de la escucha activa como condici\u00f3n indispensable para una comunicaci\u00f3n eficaz y humana. Casanueva describe c\u00f3mo vivimos obsesionados con \u00abcontar\u00bb y emitir [&hellip;]<\/p>\n","protected":false},"author":28,"featured_media":33932,"menu_order":0,"comment_status":"open","ping_status":"open","template":"","format":"standard","meta":{"footnotes":""},"servicios":[],"sectores":[],"class_list":["post-40223","en-los-medios","type-en-los-medios","status-publish","format-standard","has-post-thumbnail","hentry"],"yoast_head":"<!-- This site is optimized with the Yoast SEO plugin v27.0 - https:\/\/yoast.com\/product\/yoast-seo-wordpress\/ -->\n<title>Luc\u00eda Casanueva\u2014\u2014Escuchar con los ojos - PROA Comunicaci\u00f3n<\/title>\n<meta name=\"robots\" content=\"index, follow, max-snippet:-1, max-image-preview:large, max-video-preview:-1\" \/>\n<link rel=\"canonical\" href=\"https:\/\/proacomunicacion.es\/en\/in-the-media\/lucia-casanueva-listening-with-the-eyes\/\" \/>\n<meta property=\"og:locale\" content=\"en_GB\" \/>\n<meta property=\"og:type\" content=\"article\" \/>\n<meta property=\"og:title\" content=\"Luc\u00eda Casanueva\u2014\u2014Escuchar con los ojos - PROA Comunicaci\u00f3n\" \/>\n<meta property=\"og:description\" content=\"En su art\u00edculo de opini\u00f3n publicado en Dircomfidencial, la periodista y empresaria Luc\u00eda Casanueva \u2014socia fundadora de PROA Comunicaci\u00f3n\u2014 reflexiona sobre la sobreexposici\u00f3n comunicativa que caracteriza a nuestra \u00e9poca y reivindica el valor de la escucha activa como condici\u00f3n indispensable para una comunicaci\u00f3n eficaz y humana. Casanueva describe c\u00f3mo vivimos obsesionados con \u00abcontar\u00bb y emitir [&hellip;]\" \/>\n<meta property=\"og:url\" content=\"https:\/\/proacomunicacion.es\/en\/in-the-media\/lucia-casanueva-listening-with-the-eyes\/\" \/>\n<meta property=\"og:site_name\" content=\"PROA Comunicaci\u00f3n\" \/>\n<meta property=\"article:modified_time\" content=\"2025-09-15T10:47:32+00:00\" \/>\n<meta property=\"og:image\" content=\"https:\/\/proacomunicacion.es\/wp-content\/uploads\/2024\/01\/311023_LuciaCasanueva-scaled-1.jpg\" \/>\n\t<meta property=\"og:image:width\" content=\"2560\" \/>\n\t<meta property=\"og:image:height\" content=\"1707\" \/>\n\t<meta property=\"og:image:type\" content=\"image\/jpeg\" \/>\n<meta name=\"twitter:card\" content=\"summary_large_image\" \/>\n<meta name=\"twitter:site\" content=\"@proacomunica\" \/>\n<meta name=\"twitter:label1\" content=\"Estimated reading time\" \/>\n\t<meta name=\"twitter:data1\" content=\"1 minute\" \/>\n<script type=\"application\/ld+json\" class=\"yoast-schema-graph\">{\"@context\":\"https:\/\/schema.org\",\"@graph\":[{\"@type\":\"WebPage\",\"@id\":\"https:\/\/proacomunicacion.es\/en-los-medios\/lucia-casanueva-escuchar-con-los-ojos\/\",\"url\":\"https:\/\/proacomunicacion.es\/en-los-medios\/lucia-casanueva-escuchar-con-los-ojos\/\",\"name\":\"Luc\u00eda Casanueva\u2014\u2014Escuchar con los ojos - PROA Comunicaci\u00f3n\",\"isPartOf\":{\"@id\":\"https:\/\/proacomunicacion.es\/#website\"},\"primaryImageOfPage\":{\"@id\":\"https:\/\/proacomunicacion.es\/en-los-medios\/lucia-casanueva-escuchar-con-los-ojos\/#primaryimage\"},\"image\":{\"@id\":\"https:\/\/proacomunicacion.es\/en-los-medios\/lucia-casanueva-escuchar-con-los-ojos\/#primaryimage\"},\"thumbnailUrl\":\"https:\/\/proacomunicacion.es\/wp-content\/uploads\/2024\/01\/311023_LuciaCasanueva-scaled-1.jpg\",\"datePublished\":\"2023-09-28T12:01:47+00:00\",\"dateModified\":\"2025-09-15T10:47:32+00:00\",\"breadcrumb\":{\"@id\":\"https:\/\/proacomunicacion.es\/en-los-medios\/lucia-casanueva-escuchar-con-los-ojos\/#breadcrumb\"},\"inLanguage\":\"en-GB\",\"potentialAction\":[{\"@type\":\"ReadAction\",\"target\":[\"https:\/\/proacomunicacion.es\/en-los-medios\/lucia-casanueva-escuchar-con-los-ojos\/\"]}]},{\"@type\":\"ImageObject\",\"inLanguage\":\"en-GB\",\"@id\":\"https:\/\/proacomunicacion.es\/en-los-medios\/lucia-casanueva-escuchar-con-los-ojos\/#primaryimage\",\"url\":\"https:\/\/proacomunicacion.es\/wp-content\/uploads\/2024\/01\/311023_LuciaCasanueva-scaled-1.jpg\",\"contentUrl\":\"https:\/\/proacomunicacion.es\/wp-content\/uploads\/2024\/01\/311023_LuciaCasanueva-scaled-1.jpg\",\"width\":2560,\"height\":1707},{\"@type\":\"BreadcrumbList\",\"@id\":\"https:\/\/proacomunicacion.es\/en-los-medios\/lucia-casanueva-escuchar-con-los-ojos\/#breadcrumb\",\"itemListElement\":[{\"@type\":\"ListItem\",\"position\":1,\"name\":\"Portada\",\"item\":\"https:\/\/proacomunicacion.es\/\"},{\"@type\":\"ListItem\",\"position\":2,\"name\":\"En los medios\",\"item\":\"https:\/\/proacomunicacion.es\/en-los-medios\/\"},{\"@type\":\"ListItem\",\"position\":3,\"name\":\"Luc\u00eda Casanueva\u2014\u2014Escuchar con los ojos\"}]},{\"@type\":\"WebSite\",\"@id\":\"https:\/\/proacomunicacion.es\/#website\",\"url\":\"https:\/\/proacomunicacion.es\/\",\"name\":\"PROA Comunicaci\u00f3n\",\"description\":\"Agencia de Comunicaci\u00f3n Corporativa en Madrid, Barcelona y Galicia.\",\"publisher\":{\"@id\":\"https:\/\/proacomunicacion.es\/#organization\"},\"alternateName\":\"PROA Comunicaci\u00f3n\",\"potentialAction\":[{\"@type\":\"SearchAction\",\"target\":{\"@type\":\"EntryPoint\",\"urlTemplate\":\"https:\/\/proacomunicacion.es\/?s={search_term_string}\"},\"query-input\":{\"@type\":\"PropertyValueSpecification\",\"valueRequired\":true,\"valueName\":\"search_term_string\"}}],\"inLanguage\":\"en-GB\"},{\"@type\":\"Organization\",\"@id\":\"https:\/\/proacomunicacion.es\/#organization\",\"name\":\"PROA Comunicaci\u00f3n\",\"alternateName\":\"PROA Comunicaci\u00f3n\",\"url\":\"https:\/\/proacomunicacion.es\/\",\"logo\":{\"@type\":\"ImageObject\",\"inLanguage\":\"en-GB\",\"@id\":\"https:\/\/proacomunicacion.es\/#\/schema\/logo\/image\/\",\"url\":\"https:\/\/proacomunicacion.es\/wp-content\/uploads\/2024\/01\/Logo_Light.svg\",\"contentUrl\":\"https:\/\/proacomunicacion.es\/wp-content\/uploads\/2024\/01\/Logo_Light.svg\",\"width\":136,\"height\":33,\"caption\":\"PROA Comunicaci\u00f3n\"},\"image\":{\"@id\":\"https:\/\/proacomunicacion.es\/#\/schema\/logo\/image\/\"},\"sameAs\":[\"https:\/\/x.com\/proacomunica\",\"https:\/\/es.linkedin.com\/company\/proa-comunicacion_2\",\"https:\/\/www.instagram.com\/proacomunica\/\",\"https:\/\/www.youtube.com\/@proacomunicacion\",\"https:\/\/es.wikipedia.org\/wiki\/PROA_Comunicacin\"]}]}<\/script>\n<!-- \/ Yoast SEO plugin. -->","yoast_head_json":{"title":"Luc\u00eda Casanueva--Listening with the eyes - PROA Comunicaci\u00f3n","robots":{"index":"index","follow":"follow","max-snippet":"max-snippet:-1","max-image-preview":"max-image-preview:large","max-video-preview":"max-video-preview:-1"},"canonical":"https:\/\/proacomunicacion.es\/en\/in-the-media\/lucia-casanueva-listening-with-the-eyes\/","og_locale":"en_GB","og_type":"article","og_title":"Luc\u00eda Casanueva\u2014\u2014Escuchar con los ojos - PROA Comunicaci\u00f3n","og_description":"En su art\u00edculo de opini\u00f3n publicado en Dircomfidencial, la periodista y empresaria Luc\u00eda Casanueva \u2014socia fundadora de PROA Comunicaci\u00f3n\u2014 reflexiona sobre la sobreexposici\u00f3n comunicativa que caracteriza a nuestra \u00e9poca y reivindica el valor de la escucha activa como condici\u00f3n indispensable para una comunicaci\u00f3n eficaz y humana. Casanueva describe c\u00f3mo vivimos obsesionados con \u00abcontar\u00bb y emitir [&hellip;]","og_url":"https:\/\/proacomunicacion.es\/en\/in-the-media\/lucia-casanueva-listening-with-the-eyes\/","og_site_name":"PROA Comunicaci\u00f3n","article_modified_time":"2025-09-15T10:47:32+00:00","og_image":[{"width":2560,"height":1707,"url":"https:\/\/proacomunicacion.es\/wp-content\/uploads\/2024\/01\/311023_LuciaCasanueva-scaled-1.jpg","type":"image\/jpeg"}],"twitter_card":"summary_large_image","twitter_site":"@proacomunica","twitter_misc":{"Estimated reading time":"1 minute"},"schema":{"@context":"https:\/\/schema.org","@graph":[{"@type":"WebPage","@id":"https:\/\/proacomunicacion.es\/en-los-medios\/lucia-casanueva-escuchar-con-los-ojos\/","url":"https:\/\/proacomunicacion.es\/en-los-medios\/lucia-casanueva-escuchar-con-los-ojos\/","name":"Luc\u00eda Casanueva--Listening with the eyes - PROA Comunicaci\u00f3n","isPartOf":{"@id":"https:\/\/proacomunicacion.es\/#website"},"primaryImageOfPage":{"@id":"https:\/\/proacomunicacion.es\/en-los-medios\/lucia-casanueva-escuchar-con-los-ojos\/#primaryimage"},"image":{"@id":"https:\/\/proacomunicacion.es\/en-los-medios\/lucia-casanueva-escuchar-con-los-ojos\/#primaryimage"},"thumbnailUrl":"https:\/\/proacomunicacion.es\/wp-content\/uploads\/2024\/01\/311023_LuciaCasanueva-scaled-1.jpg","datePublished":"2023-09-28T12:01:47+00:00","dateModified":"2025-09-15T10:47:32+00:00","breadcrumb":{"@id":"https:\/\/proacomunicacion.es\/en-los-medios\/lucia-casanueva-escuchar-con-los-ojos\/#breadcrumb"},"inLanguage":"en-GB","potentialAction":[{"@type":"ReadAction","target":["https:\/\/proacomunicacion.es\/en-los-medios\/lucia-casanueva-escuchar-con-los-ojos\/"]}]},{"@type":"ImageObject","inLanguage":"en-GB","@id":"https:\/\/proacomunicacion.es\/en-los-medios\/lucia-casanueva-escuchar-con-los-ojos\/#primaryimage","url":"https:\/\/proacomunicacion.es\/wp-content\/uploads\/2024\/01\/311023_LuciaCasanueva-scaled-1.jpg","contentUrl":"https:\/\/proacomunicacion.es\/wp-content\/uploads\/2024\/01\/311023_LuciaCasanueva-scaled-1.jpg","width":2560,"height":1707},{"@type":"BreadcrumbList","@id":"https:\/\/proacomunicacion.es\/en-los-medios\/lucia-casanueva-escuchar-con-los-ojos\/#breadcrumb","itemListElement":[{"@type":"ListItem","position":1,"name":"Portada","item":"https:\/\/proacomunicacion.es\/"},{"@type":"ListItem","position":2,"name":"En los medios","item":"https:\/\/proacomunicacion.es\/en-los-medios\/"},{"@type":"ListItem","position":3,"name":"Luc\u00eda Casanueva\u2014\u2014Escuchar con los ojos"}]},{"@type":"WebSite","@id":"https:\/\/proacomunicacion.es\/#website","url":"https:\/\/proacomunicacion.es\/","name":"PROA Communication","description":"Corporate Communications Agency in Madrid, Barcelona and Galicia.","publisher":{"@id":"https:\/\/proacomunicacion.es\/#organization"},"alternateName":"PROA Comunicaci\u00f3n","potentialAction":[{"@type":"SearchAction","target":{"@type":"EntryPoint","urlTemplate":"https:\/\/proacomunicacion.es\/?s={search_term_string}"},"query-input":{"@type":"PropertyValueSpecification","valueRequired":true,"valueName":"search_term_string"}}],"inLanguage":"en-GB"},{"@type":"Organization","@id":"https:\/\/proacomunicacion.es\/#organization","name":"PROA Communication","alternateName":"PROA Comunicaci\u00f3n","url":"https:\/\/proacomunicacion.es\/","logo":{"@type":"ImageObject","inLanguage":"en-GB","@id":"https:\/\/proacomunicacion.es\/#\/schema\/logo\/image\/","url":"https:\/\/proacomunicacion.es\/wp-content\/uploads\/2024\/01\/Logo_Light.svg","contentUrl":"https:\/\/proacomunicacion.es\/wp-content\/uploads\/2024\/01\/Logo_Light.svg","width":136,"height":33,"caption":"PROA Comunicaci\u00f3n"},"image":{"@id":"https:\/\/proacomunicacion.es\/#\/schema\/logo\/image\/"},"sameAs":["https:\/\/x.com\/proacomunica","https:\/\/es.linkedin.com\/company\/proa-comunicacion_2","https:\/\/www.instagram.com\/proacomunica\/","https:\/\/www.youtube.com\/@proacomunicacion","https:\/\/es.wikipedia.org\/wiki\/PROA_Comunicacin"]}]}},"_links":{"self":[{"href":"https:\/\/proacomunicacion.es\/en\/wp-json\/wp\/v2\/en-los-medios\/40223","targetHints":{"allow":["GET"]}}],"collection":[{"href":"https:\/\/proacomunicacion.es\/en\/wp-json\/wp\/v2\/en-los-medios"}],"about":[{"href":"https:\/\/proacomunicacion.es\/en\/wp-json\/wp\/v2\/types\/en-los-medios"}],"author":[{"embeddable":true,"href":"https:\/\/proacomunicacion.es\/en\/wp-json\/wp\/v2\/users\/28"}],"replies":[{"embeddable":true,"href":"https:\/\/proacomunicacion.es\/en\/wp-json\/wp\/v2\/comments?post=40223"}],"version-history":[{"count":2,"href":"https:\/\/proacomunicacion.es\/en\/wp-json\/wp\/v2\/en-los-medios\/40223\/revisions"}],"predecessor-version":[{"id":46204,"href":"https:\/\/proacomunicacion.es\/en\/wp-json\/wp\/v2\/en-los-medios\/40223\/revisions\/46204"}],"wp:featuredmedia":[{"embeddable":true,"href":"https:\/\/proacomunicacion.es\/en\/wp-json\/wp\/v2\/media\/33932"}],"wp:attachment":[{"href":"https:\/\/proacomunicacion.es\/en\/wp-json\/wp\/v2\/media?parent=40223"}],"wp:term":[{"taxonomy":"servicios","embeddable":true,"href":"https:\/\/proacomunicacion.es\/en\/wp-json\/wp\/v2\/servicios?post=40223"},{"taxonomy":"sectores","embeddable":true,"href":"https:\/\/proacomunicacion.es\/en\/wp-json\/wp\/v2\/sectores?post=40223"}],"curies":[{"name":"wp","href":"https:\/\/api.w.org\/{rel}","templated":true}]}}