{"id":42522,"date":"2024-05-28T11:07:37","date_gmt":"2024-05-28T11:07:37","guid":{"rendered":"https:\/\/proacomunicacion.es\/?post_type=en-los-medios&#038;p=42522"},"modified":"2025-09-15T12:40:04","modified_gmt":"2025-09-15T10:40:04","slug":"julia-montoro-the-intangible-value-of-the-brand","status":"publish","type":"en-los-medios","link":"https:\/\/proacomunicacion.es\/en\/en-los-medios\/julia-montoro-el-valor-intangible-de-la-marca\/","title":{"rendered":"Julia Montoro -- The intangible value of branding"},"content":{"rendered":"<p>Is your brand registered with the Spanish Patent and Trademark Office? Do you have a vectorised logo? Do you have a corporate identity manual that defines typography, colours and visual style? Do you clearly understand the purpose and values of your organisation? These are some of the essential questions that we communication consultants ask our clients when they entrust us with the management of their brand in the field of corporate communication.<\/p>\n\n\n\n<p>The <strong>American Marketing Association<\/strong> defines the brand as the <em>\"name, term, design, symbol or some other characteristic that identifies a good or service and differentiates it from other vendors\".<\/em>. But for a corporate communications professional, branding is much more than this: it is a <strong>strategic asset<\/strong>An intangible asset that, if well managed, can become a guarantee of growth, customer loyalty and talent attraction. The brand is not just an investment; it is one of the pillars on which the identity and reputation of an organisation is built.<\/p>\n\n\n\n<p>The starting point of any communication strategy is to understand the expectations, needs and demands of the target audiences. One of the main responsibilities of consultants is to <strong>ensuring how these expectations are reflected in the corporate image<\/strong> and how the company's identity acts to build, maintain or modify its reputation in the eyes of its stakeholders.<\/p>\n\n\n\n<p><em>\"The intangible value of a brand is essential for the long-term success and sustainability of a company or organisation.<\/em><\/p>\n\n\n\n<p>The <strong>corporate identity<\/strong> must be differentiating and generate impact and emotional and rational bonding with audiences. This not only implies a visual universe - logotype, typography, colour palette, illustrations, photographs, templates and identity manuals - but also verbal, auditory and even sensorial aspects that make up the brand experience. Each brand requires a <strong>tailor-made creative universe<\/strong>aligned with the strategic objectives of the business, capable of consistently conveying who we are and what we stand for.<\/p>\n\n\n\n<p><strong>Corporate narrative: purpose and values<\/strong><\/p>\n\n\n\n<p>Another key element of the brand architecture is the brand's <strong>corporate storytelling<\/strong>including purpose, values, mission and vision, value proposition and narrative territories. In a changing world, with fluid and constantly evolving scenarios, the <strong>corporate purpose<\/strong> acts as a compass that guides all the organisation's decisions. A well-structured story, coherent with the business strategy and shared internally at all levels, is fundamental to building a brand that leaves its mark on its environment.<\/p>\n\n\n\n<p><strong>Image, identity and reputation: a strategic triangle<\/strong><\/p>\n\n\n\n<p>The <strong>matching identity and corporate image<\/strong> is key to gaining the social licence to operate and building a solid reputation. The benefits of this alignment are manifold:<\/p>\n\n\n\n<ul class=\"wp-block-list\">\n<li><strong>Credibility and trust:<\/strong> coherence between identity and image generates stable and reliable relationships with stakeholders.<\/li>\n\n\n\n<li><strong>Better positioning:<\/strong> the brand is easily recognised and remembered, increasing loyalty and preference in saturated markets.<\/li>\n\n\n\n<li><strong>More effective communication:<\/strong> clear and consistent messages reinforce the perception of professionalism and coherence.<\/li>\n\n\n\n<li><strong>Adaptability:<\/strong> a strong identity makes it easier to respond to market changes or emerging trends.<\/li>\n\n\n\n<li><strong>Employee engagement:<\/strong> professionals aligned with corporate values reinforce internal culture and motivation.<\/li>\n\n\n\n<li><strong>Crisis management:<\/strong> A well-defined identity and a consistent image allow to react to critical situations, mitigating reputational risks.<\/li>\n<\/ul>\n\n\n\n<p>The <strong>strategic alignment of corporate identity and image<\/strong> not only strengthens the company's competitive position, but also facilitates strong and lasting relationships with customers, investors and other stakeholders. Reputation, after all, is the tangible reflection of the care and consistency we show through our brand.<\/p>\n\n\n\n<p>In conclusion, the <strong>corporate brand<\/strong> is one of the most valuable assets of any organisation. Its management requires planning, strategic vision and coordination between all the elements that make it up, ensuring that every detail - from the logo to the narrative, to internal and external communication - works in harmony. A strong brand not only represents the company; it is <strong>the best letter of introduction<\/strong>The company's success and long-term sustainability is underpinned by an intangible asset.<\/p>","protected":false},"excerpt":{"rendered":"<p>\u00bfEst\u00e1 registrada su marca en la Oficina Espa\u00f1ola de Patentes y Marcas? \u00bfCuenta con un logotipo vectorizado? \u00bfTiene un manual de identidad corporativa que defina tipograf\u00eda, colores y estilo visual? \u00bfConoce con claridad el prop\u00f3sito y los valores de su organizaci\u00f3n? Estas son algunas de las preguntas esenciales que los consultores de comunicaci\u00f3n hacemos a [&hellip;]<\/p>\n","protected":false},"author":28,"featured_media":42523,"menu_order":0,"comment_status":"open","ping_status":"open","template":"","format":"standard","meta":{"footnotes":""},"servicios":[],"sectores":[],"class_list":["post-42522","en-los-medios","type-en-los-medios","status-publish","format-standard","has-post-thumbnail","hentry"],"yoast_head":"<!-- This site is optimized with the Yoast SEO plugin v27.0 - https:\/\/yoast.com\/product\/yoast-seo-wordpress\/ -->\n<title>Julia Montoro \u2014\u2014 El valor intangible de la marca - PROA Comunicaci\u00f3n<\/title>\n<meta name=\"robots\" content=\"index, follow, max-snippet:-1, max-image-preview:large, max-video-preview:-1\" \/>\n<link rel=\"canonical\" href=\"https:\/\/proacomunicacion.es\/en\/in-the-media\/julia-montoro-the-intangible-value-of-the-brand\/\" \/>\n<meta property=\"og:locale\" content=\"en_GB\" \/>\n<meta property=\"og:type\" content=\"article\" \/>\n<meta property=\"og:title\" content=\"Julia Montoro \u2014\u2014 El valor intangible de la marca - PROA Comunicaci\u00f3n\" \/>\n<meta property=\"og:description\" content=\"\u00bfEst\u00e1 registrada su marca en la Oficina Espa\u00f1ola de Patentes y Marcas? \u00bfCuenta con un logotipo vectorizado? \u00bfTiene un manual de identidad corporativa que defina tipograf\u00eda, colores y estilo visual? \u00bfConoce con claridad el prop\u00f3sito y los valores de su organizaci\u00f3n? Estas son algunas de las preguntas esenciales que los consultores de comunicaci\u00f3n hacemos a [&hellip;]\" \/>\n<meta property=\"og:url\" content=\"https:\/\/proacomunicacion.es\/en\/in-the-media\/julia-montoro-the-intangible-value-of-the-brand\/\" \/>\n<meta property=\"og:site_name\" content=\"PROA Comunicaci\u00f3n\" \/>\n<meta property=\"article:modified_time\" content=\"2025-09-15T10:40:04+00:00\" \/>\n<meta property=\"og:image\" content=\"https:\/\/proacomunicacion.es\/wp-content\/uploads\/2024\/06\/charles-forerunner-3fPXt37X6UQ-unsplash-scaled.jpg\" \/>\n\t<meta property=\"og:image:width\" content=\"2560\" \/>\n\t<meta property=\"og:image:height\" content=\"1707\" \/>\n\t<meta property=\"og:image:type\" content=\"image\/jpeg\" \/>\n<meta name=\"twitter:card\" content=\"summary_large_image\" \/>\n<meta name=\"twitter:site\" content=\"@proacomunica\" \/>\n<meta name=\"twitter:label1\" content=\"Estimated reading time\" \/>\n\t<meta name=\"twitter:data1\" content=\"4 minutes\" \/>\n<script type=\"application\/ld+json\" class=\"yoast-schema-graph\">{\"@context\":\"https:\/\/schema.org\",\"@graph\":[{\"@type\":\"WebPage\",\"@id\":\"https:\/\/proacomunicacion.es\/en-los-medios\/julia-montoro-el-valor-intangible-de-la-marca\/\",\"url\":\"https:\/\/proacomunicacion.es\/en-los-medios\/julia-montoro-el-valor-intangible-de-la-marca\/\",\"name\":\"Julia Montoro \u2014\u2014 El valor intangible de la marca - PROA Comunicaci\u00f3n\",\"isPartOf\":{\"@id\":\"https:\/\/proacomunicacion.es\/#website\"},\"primaryImageOfPage\":{\"@id\":\"https:\/\/proacomunicacion.es\/en-los-medios\/julia-montoro-el-valor-intangible-de-la-marca\/#primaryimage\"},\"image\":{\"@id\":\"https:\/\/proacomunicacion.es\/en-los-medios\/julia-montoro-el-valor-intangible-de-la-marca\/#primaryimage\"},\"thumbnailUrl\":\"https:\/\/proacomunicacion.es\/wp-content\/uploads\/2024\/06\/charles-forerunner-3fPXt37X6UQ-unsplash-scaled.jpg\",\"datePublished\":\"2024-05-28T11:07:37+00:00\",\"dateModified\":\"2025-09-15T10:40:04+00:00\",\"breadcrumb\":{\"@id\":\"https:\/\/proacomunicacion.es\/en-los-medios\/julia-montoro-el-valor-intangible-de-la-marca\/#breadcrumb\"},\"inLanguage\":\"en-GB\",\"potentialAction\":[{\"@type\":\"ReadAction\",\"target\":[\"https:\/\/proacomunicacion.es\/en-los-medios\/julia-montoro-el-valor-intangible-de-la-marca\/\"]}]},{\"@type\":\"ImageObject\",\"inLanguage\":\"en-GB\",\"@id\":\"https:\/\/proacomunicacion.es\/en-los-medios\/julia-montoro-el-valor-intangible-de-la-marca\/#primaryimage\",\"url\":\"https:\/\/proacomunicacion.es\/wp-content\/uploads\/2024\/06\/charles-forerunner-3fPXt37X6UQ-unsplash-scaled.jpg\",\"contentUrl\":\"https:\/\/proacomunicacion.es\/wp-content\/uploads\/2024\/06\/charles-forerunner-3fPXt37X6UQ-unsplash-scaled.jpg\",\"width\":2560,\"height\":1707},{\"@type\":\"BreadcrumbList\",\"@id\":\"https:\/\/proacomunicacion.es\/en-los-medios\/julia-montoro-el-valor-intangible-de-la-marca\/#breadcrumb\",\"itemListElement\":[{\"@type\":\"ListItem\",\"position\":1,\"name\":\"Portada\",\"item\":\"https:\/\/proacomunicacion.es\/\"},{\"@type\":\"ListItem\",\"position\":2,\"name\":\"En los medios\",\"item\":\"https:\/\/proacomunicacion.es\/en-los-medios\/\"},{\"@type\":\"ListItem\",\"position\":3,\"name\":\"Julia Montoro \u2014\u2014 El valor intangible de la marca\"}]},{\"@type\":\"WebSite\",\"@id\":\"https:\/\/proacomunicacion.es\/#website\",\"url\":\"https:\/\/proacomunicacion.es\/\",\"name\":\"PROA Comunicaci\u00f3n\",\"description\":\"Agencia de Comunicaci\u00f3n Corporativa en Madrid, Barcelona y Galicia.\",\"publisher\":{\"@id\":\"https:\/\/proacomunicacion.es\/#organization\"},\"alternateName\":\"PROA Comunicaci\u00f3n\",\"potentialAction\":[{\"@type\":\"SearchAction\",\"target\":{\"@type\":\"EntryPoint\",\"urlTemplate\":\"https:\/\/proacomunicacion.es\/?s={search_term_string}\"},\"query-input\":{\"@type\":\"PropertyValueSpecification\",\"valueRequired\":true,\"valueName\":\"search_term_string\"}}],\"inLanguage\":\"en-GB\"},{\"@type\":\"Organization\",\"@id\":\"https:\/\/proacomunicacion.es\/#organization\",\"name\":\"PROA Comunicaci\u00f3n\",\"alternateName\":\"PROA Comunicaci\u00f3n\",\"url\":\"https:\/\/proacomunicacion.es\/\",\"logo\":{\"@type\":\"ImageObject\",\"inLanguage\":\"en-GB\",\"@id\":\"https:\/\/proacomunicacion.es\/#\/schema\/logo\/image\/\",\"url\":\"https:\/\/proacomunicacion.es\/wp-content\/uploads\/2024\/01\/Logo_Light.svg\",\"contentUrl\":\"https:\/\/proacomunicacion.es\/wp-content\/uploads\/2024\/01\/Logo_Light.svg\",\"width\":136,\"height\":33,\"caption\":\"PROA Comunicaci\u00f3n\"},\"image\":{\"@id\":\"https:\/\/proacomunicacion.es\/#\/schema\/logo\/image\/\"},\"sameAs\":[\"https:\/\/x.com\/proacomunica\",\"https:\/\/es.linkedin.com\/company\/proa-comunicacion_2\",\"https:\/\/www.instagram.com\/proacomunica\/\",\"https:\/\/www.youtube.com\/@proacomunicacion\",\"https:\/\/es.wikipedia.org\/wiki\/PROA_Comunicacin\"]}]}<\/script>\n<!-- \/ Yoast SEO plugin. -->","yoast_head_json":{"title":"Julia Montoro -- The intangible value of the brand - PROA Comunicaci\u00f3n","robots":{"index":"index","follow":"follow","max-snippet":"max-snippet:-1","max-image-preview":"max-image-preview:large","max-video-preview":"max-video-preview:-1"},"canonical":"https:\/\/proacomunicacion.es\/en\/in-the-media\/julia-montoro-the-intangible-value-of-the-brand\/","og_locale":"en_GB","og_type":"article","og_title":"Julia Montoro \u2014\u2014 El valor intangible de la marca - PROA Comunicaci\u00f3n","og_description":"\u00bfEst\u00e1 registrada su marca en la Oficina Espa\u00f1ola de Patentes y Marcas? \u00bfCuenta con un logotipo vectorizado? \u00bfTiene un manual de identidad corporativa que defina tipograf\u00eda, colores y estilo visual? \u00bfConoce con claridad el prop\u00f3sito y los valores de su organizaci\u00f3n? Estas son algunas de las preguntas esenciales que los consultores de comunicaci\u00f3n hacemos a [&hellip;]","og_url":"https:\/\/proacomunicacion.es\/en\/in-the-media\/julia-montoro-the-intangible-value-of-the-brand\/","og_site_name":"PROA Comunicaci\u00f3n","article_modified_time":"2025-09-15T10:40:04+00:00","og_image":[{"width":2560,"height":1707,"url":"https:\/\/proacomunicacion.es\/wp-content\/uploads\/2024\/06\/charles-forerunner-3fPXt37X6UQ-unsplash-scaled.jpg","type":"image\/jpeg"}],"twitter_card":"summary_large_image","twitter_site":"@proacomunica","twitter_misc":{"Estimated reading time":"4 minutes"},"schema":{"@context":"https:\/\/schema.org","@graph":[{"@type":"WebPage","@id":"https:\/\/proacomunicacion.es\/en-los-medios\/julia-montoro-el-valor-intangible-de-la-marca\/","url":"https:\/\/proacomunicacion.es\/en-los-medios\/julia-montoro-el-valor-intangible-de-la-marca\/","name":"Julia Montoro -- The intangible value of the brand - PROA Comunicaci\u00f3n","isPartOf":{"@id":"https:\/\/proacomunicacion.es\/#website"},"primaryImageOfPage":{"@id":"https:\/\/proacomunicacion.es\/en-los-medios\/julia-montoro-el-valor-intangible-de-la-marca\/#primaryimage"},"image":{"@id":"https:\/\/proacomunicacion.es\/en-los-medios\/julia-montoro-el-valor-intangible-de-la-marca\/#primaryimage"},"thumbnailUrl":"https:\/\/proacomunicacion.es\/wp-content\/uploads\/2024\/06\/charles-forerunner-3fPXt37X6UQ-unsplash-scaled.jpg","datePublished":"2024-05-28T11:07:37+00:00","dateModified":"2025-09-15T10:40:04+00:00","breadcrumb":{"@id":"https:\/\/proacomunicacion.es\/en-los-medios\/julia-montoro-el-valor-intangible-de-la-marca\/#breadcrumb"},"inLanguage":"en-GB","potentialAction":[{"@type":"ReadAction","target":["https:\/\/proacomunicacion.es\/en-los-medios\/julia-montoro-el-valor-intangible-de-la-marca\/"]}]},{"@type":"ImageObject","inLanguage":"en-GB","@id":"https:\/\/proacomunicacion.es\/en-los-medios\/julia-montoro-el-valor-intangible-de-la-marca\/#primaryimage","url":"https:\/\/proacomunicacion.es\/wp-content\/uploads\/2024\/06\/charles-forerunner-3fPXt37X6UQ-unsplash-scaled.jpg","contentUrl":"https:\/\/proacomunicacion.es\/wp-content\/uploads\/2024\/06\/charles-forerunner-3fPXt37X6UQ-unsplash-scaled.jpg","width":2560,"height":1707},{"@type":"BreadcrumbList","@id":"https:\/\/proacomunicacion.es\/en-los-medios\/julia-montoro-el-valor-intangible-de-la-marca\/#breadcrumb","itemListElement":[{"@type":"ListItem","position":1,"name":"Portada","item":"https:\/\/proacomunicacion.es\/"},{"@type":"ListItem","position":2,"name":"En los medios","item":"https:\/\/proacomunicacion.es\/en-los-medios\/"},{"@type":"ListItem","position":3,"name":"Julia Montoro \u2014\u2014 El valor intangible de la marca"}]},{"@type":"WebSite","@id":"https:\/\/proacomunicacion.es\/#website","url":"https:\/\/proacomunicacion.es\/","name":"PROA Communication","description":"Corporate Communications Agency in Madrid, Barcelona and Galicia.","publisher":{"@id":"https:\/\/proacomunicacion.es\/#organization"},"alternateName":"PROA Comunicaci\u00f3n","potentialAction":[{"@type":"SearchAction","target":{"@type":"EntryPoint","urlTemplate":"https:\/\/proacomunicacion.es\/?s={search_term_string}"},"query-input":{"@type":"PropertyValueSpecification","valueRequired":true,"valueName":"search_term_string"}}],"inLanguage":"en-GB"},{"@type":"Organization","@id":"https:\/\/proacomunicacion.es\/#organization","name":"PROA Communication","alternateName":"PROA Comunicaci\u00f3n","url":"https:\/\/proacomunicacion.es\/","logo":{"@type":"ImageObject","inLanguage":"en-GB","@id":"https:\/\/proacomunicacion.es\/#\/schema\/logo\/image\/","url":"https:\/\/proacomunicacion.es\/wp-content\/uploads\/2024\/01\/Logo_Light.svg","contentUrl":"https:\/\/proacomunicacion.es\/wp-content\/uploads\/2024\/01\/Logo_Light.svg","width":136,"height":33,"caption":"PROA Comunicaci\u00f3n"},"image":{"@id":"https:\/\/proacomunicacion.es\/#\/schema\/logo\/image\/"},"sameAs":["https:\/\/x.com\/proacomunica","https:\/\/es.linkedin.com\/company\/proa-comunicacion_2","https:\/\/www.instagram.com\/proacomunica\/","https:\/\/www.youtube.com\/@proacomunicacion","https:\/\/es.wikipedia.org\/wiki\/PROA_Comunicacin"]}]}},"_links":{"self":[{"href":"https:\/\/proacomunicacion.es\/en\/wp-json\/wp\/v2\/en-los-medios\/42522","targetHints":{"allow":["GET"]}}],"collection":[{"href":"https:\/\/proacomunicacion.es\/en\/wp-json\/wp\/v2\/en-los-medios"}],"about":[{"href":"https:\/\/proacomunicacion.es\/en\/wp-json\/wp\/v2\/types\/en-los-medios"}],"author":[{"embeddable":true,"href":"https:\/\/proacomunicacion.es\/en\/wp-json\/wp\/v2\/users\/28"}],"replies":[{"embeddable":true,"href":"https:\/\/proacomunicacion.es\/en\/wp-json\/wp\/v2\/comments?post=42522"}],"version-history":[{"count":2,"href":"https:\/\/proacomunicacion.es\/en\/wp-json\/wp\/v2\/en-los-medios\/42522\/revisions"}],"predecessor-version":[{"id":46195,"href":"https:\/\/proacomunicacion.es\/en\/wp-json\/wp\/v2\/en-los-medios\/42522\/revisions\/46195"}],"wp:featuredmedia":[{"embeddable":true,"href":"https:\/\/proacomunicacion.es\/en\/wp-json\/wp\/v2\/media\/42523"}],"wp:attachment":[{"href":"https:\/\/proacomunicacion.es\/en\/wp-json\/wp\/v2\/media?parent=42522"}],"wp:term":[{"taxonomy":"servicios","embeddable":true,"href":"https:\/\/proacomunicacion.es\/en\/wp-json\/wp\/v2\/servicios?post=42522"},{"taxonomy":"sectores","embeddable":true,"href":"https:\/\/proacomunicacion.es\/en\/wp-json\/wp\/v2\/sectores?post=42522"}],"curies":[{"name":"wp","href":"https:\/\/api.w.org\/{rel}","templated":true}]}}