{"id":42537,"date":"2023-10-27T11:44:04","date_gmt":"2023-10-27T11:44:04","guid":{"rendered":"https:\/\/proacomunicacion.es\/?post_type=en-los-medios&#038;p=42537"},"modified":"2025-09-15T12:47:10","modified_gmt":"2025-09-15T10:47:10","slug":"lucia-casanueva-the-disinformation","status":"publish","type":"en-los-medios","link":"https:\/\/proacomunicacion.es\/en\/en-los-medios\/lucia-casanueva-la-desinformacion\/","title":{"rendered":"Luc\u00eda Casanueva -- Disinformation"},"content":{"rendered":"<p>In a media ecosystem that is more saturated than ever, where traditional media, digital platforms and social networks coexist, the proliferation of disinformation poses one of the greatest contemporary challenges: distinguishing the truth among an ocean of data, headlines and opinions. This is what journalist and businesswoman Luc\u00eda Casanueva denounces, who warns that the <em>fake news<\/em> have eroded the value of truthful information and weakened the foundations of democracy.<\/p>\n\n\n\n<p>Casanueva highlights a disturbing paradox: the greater the access to information, the more difficult it seems to be to access the truth. In the midst of a convulsive geopolitical context, with open wars such as those in Ukraine or Gaza, lies circulate with impunity and without visible consequences, while governments hide behind ambiguous discourse and the media, in many cases, renounce their critical function. The author regrets that speed and volume have replaced verification, that narrative has taken precedence over facts, and that journalism has ceased to be a counterweight to power.<\/p>\n\n\n\n<p>The situation, he says, not only misinforms: it dehumanises, polarises and isolates citizens. Instead of encouraging critical thinking, too much information generates confusion and apathy. Dizzy with contradictory headlines, citizens have lost confidence in the media, and democracy is weakened as a result. \"We live in a society of efficiency and we are satisfied with truthfulness painkillers,\" Casanueva says, warning that the sustainability of a reputation is no longer as important as the ability to weather a momentary crisis.<\/p>\n\n\n\n<p>In the face of this drift, the author vindicates the essential role of journalism as a guarantor of the constitutional right to receive truthful information -recognised in article 20 of Spain's Magna Carta-. She also points out the responsibility of the media, editors and journalists in rebuilding social trust, resisting the logic of immediacy and recovering the principles of informing, educating and entertaining.<\/p>\n\n\n\n<p>Casanueva points out that initiatives by the European Union and platforms such as YouTube, which have set up news centres to curb the use of <em>fake news<\/em>These are positive steps, but insufficient without a firm ethical commitment on the part of professionals and a critical citizenry that demands quality and rigour in news reporting.<\/p>\n\n\n\n<p>In his opinion, journalism has not disappeared, but it is sick. And it can only heal if it recovers its function as a counterweight to power and its vocation of public service, above algorithms, audiences or fashions. At a time when influencers are gaining ground and institutional cabinets are dodging scrutiny, Casanueva insists, it is urgent to rescue journalism as an essential asset for democratic society.<\/p>","protected":false},"excerpt":{"rendered":"<p>En un ecosistema medi\u00e1tico m\u00e1s saturado que nunca, donde conviven medios tradicionales, plataformas digitales y redes sociales, la proliferaci\u00f3n de desinformaci\u00f3n plantea uno de los mayores retos contempor\u00e1neos: distinguir la verdad entre un oc\u00e9ano de datos, titulares y opiniones. As\u00ed lo denuncia la periodista y empresaria Luc\u00eda Casanueva, quien alerta de que las fake news [&hellip;]<\/p>\n","protected":false},"author":28,"featured_media":42538,"menu_order":0,"comment_status":"open","ping_status":"open","template":"","format":"standard","meta":{"footnotes":""},"servicios":[],"sectores":[],"class_list":["post-42537","en-los-medios","type-en-los-medios","status-publish","format-standard","has-post-thumbnail","hentry"],"yoast_head":"<!-- This site is optimized with the Yoast SEO plugin v27.0 - https:\/\/yoast.com\/product\/yoast-seo-wordpress\/ -->\n<title>Luc\u00eda Casanueva \u2014\u2014 La desinformaci\u00f3n - PROA Comunicaci\u00f3n<\/title>\n<meta name=\"robots\" content=\"index, follow, max-snippet:-1, max-image-preview:large, max-video-preview:-1\" \/>\n<link rel=\"canonical\" href=\"https:\/\/proacomunicacion.es\/en\/in-the-media\/lucia-casanueva-the-disinformation\/\" \/>\n<meta property=\"og:locale\" content=\"en_GB\" \/>\n<meta property=\"og:type\" content=\"article\" \/>\n<meta property=\"og:title\" content=\"Luc\u00eda Casanueva \u2014\u2014 La desinformaci\u00f3n - PROA Comunicaci\u00f3n\" \/>\n<meta property=\"og:description\" content=\"En un ecosistema medi\u00e1tico m\u00e1s saturado que nunca, donde conviven medios tradicionales, plataformas digitales y redes sociales, la proliferaci\u00f3n de desinformaci\u00f3n plantea uno de los mayores retos contempor\u00e1neos: distinguir la verdad entre un oc\u00e9ano de datos, titulares y opiniones. As\u00ed lo denuncia la periodista y empresaria Luc\u00eda Casanueva, quien alerta de que las fake news [&hellip;]\" \/>\n<meta property=\"og:url\" content=\"https:\/\/proacomunicacion.es\/en\/in-the-media\/lucia-casanueva-the-disinformation\/\" \/>\n<meta property=\"og:site_name\" content=\"PROA Comunicaci\u00f3n\" \/>\n<meta property=\"article:modified_time\" content=\"2025-09-15T10:47:10+00:00\" \/>\n<meta property=\"og:image\" content=\"https:\/\/proacomunicacion.es\/wp-content\/uploads\/2024\/06\/absolutvision-WYd_PkCa1BY-unsplash-scaled.jpg\" \/>\n\t<meta property=\"og:image:width\" content=\"2560\" \/>\n\t<meta property=\"og:image:height\" content=\"1707\" \/>\n\t<meta property=\"og:image:type\" content=\"image\/jpeg\" \/>\n<meta name=\"twitter:card\" content=\"summary_large_image\" \/>\n<meta name=\"twitter:site\" content=\"@proacomunica\" \/>\n<meta name=\"twitter:label1\" content=\"Estimated reading time\" \/>\n\t<meta name=\"twitter:data1\" content=\"1 minute\" \/>\n<script type=\"application\/ld+json\" class=\"yoast-schema-graph\">{\"@context\":\"https:\/\/schema.org\",\"@graph\":[{\"@type\":\"WebPage\",\"@id\":\"https:\/\/proacomunicacion.es\/en-los-medios\/lucia-casanueva-la-desinformacion\/\",\"url\":\"https:\/\/proacomunicacion.es\/en-los-medios\/lucia-casanueva-la-desinformacion\/\",\"name\":\"Luc\u00eda Casanueva \u2014\u2014 La desinformaci\u00f3n - PROA Comunicaci\u00f3n\",\"isPartOf\":{\"@id\":\"https:\/\/proacomunicacion.es\/#website\"},\"primaryImageOfPage\":{\"@id\":\"https:\/\/proacomunicacion.es\/en-los-medios\/lucia-casanueva-la-desinformacion\/#primaryimage\"},\"image\":{\"@id\":\"https:\/\/proacomunicacion.es\/en-los-medios\/lucia-casanueva-la-desinformacion\/#primaryimage\"},\"thumbnailUrl\":\"https:\/\/proacomunicacion.es\/wp-content\/uploads\/2024\/06\/absolutvision-WYd_PkCa1BY-unsplash-scaled.jpg\",\"datePublished\":\"2023-10-27T11:44:04+00:00\",\"dateModified\":\"2025-09-15T10:47:10+00:00\",\"breadcrumb\":{\"@id\":\"https:\/\/proacomunicacion.es\/en-los-medios\/lucia-casanueva-la-desinformacion\/#breadcrumb\"},\"inLanguage\":\"en-GB\",\"potentialAction\":[{\"@type\":\"ReadAction\",\"target\":[\"https:\/\/proacomunicacion.es\/en-los-medios\/lucia-casanueva-la-desinformacion\/\"]}]},{\"@type\":\"ImageObject\",\"inLanguage\":\"en-GB\",\"@id\":\"https:\/\/proacomunicacion.es\/en-los-medios\/lucia-casanueva-la-desinformacion\/#primaryimage\",\"url\":\"https:\/\/proacomunicacion.es\/wp-content\/uploads\/2024\/06\/absolutvision-WYd_PkCa1BY-unsplash-scaled.jpg\",\"contentUrl\":\"https:\/\/proacomunicacion.es\/wp-content\/uploads\/2024\/06\/absolutvision-WYd_PkCa1BY-unsplash-scaled.jpg\",\"width\":2560,\"height\":1707},{\"@type\":\"BreadcrumbList\",\"@id\":\"https:\/\/proacomunicacion.es\/en-los-medios\/lucia-casanueva-la-desinformacion\/#breadcrumb\",\"itemListElement\":[{\"@type\":\"ListItem\",\"position\":1,\"name\":\"Portada\",\"item\":\"https:\/\/proacomunicacion.es\/\"},{\"@type\":\"ListItem\",\"position\":2,\"name\":\"En los medios\",\"item\":\"https:\/\/proacomunicacion.es\/en-los-medios\/\"},{\"@type\":\"ListItem\",\"position\":3,\"name\":\"Luc\u00eda Casanueva \u2014\u2014 La desinformaci\u00f3n\"}]},{\"@type\":\"WebSite\",\"@id\":\"https:\/\/proacomunicacion.es\/#website\",\"url\":\"https:\/\/proacomunicacion.es\/\",\"name\":\"PROA Comunicaci\u00f3n\",\"description\":\"Agencia de Comunicaci\u00f3n Corporativa en Madrid, Barcelona y Galicia.\",\"publisher\":{\"@id\":\"https:\/\/proacomunicacion.es\/#organization\"},\"alternateName\":\"PROA Comunicaci\u00f3n\",\"potentialAction\":[{\"@type\":\"SearchAction\",\"target\":{\"@type\":\"EntryPoint\",\"urlTemplate\":\"https:\/\/proacomunicacion.es\/?s={search_term_string}\"},\"query-input\":{\"@type\":\"PropertyValueSpecification\",\"valueRequired\":true,\"valueName\":\"search_term_string\"}}],\"inLanguage\":\"en-GB\"},{\"@type\":\"Organization\",\"@id\":\"https:\/\/proacomunicacion.es\/#organization\",\"name\":\"PROA Comunicaci\u00f3n\",\"alternateName\":\"PROA Comunicaci\u00f3n\",\"url\":\"https:\/\/proacomunicacion.es\/\",\"logo\":{\"@type\":\"ImageObject\",\"inLanguage\":\"en-GB\",\"@id\":\"https:\/\/proacomunicacion.es\/#\/schema\/logo\/image\/\",\"url\":\"https:\/\/proacomunicacion.es\/wp-content\/uploads\/2024\/01\/Logo_Light.svg\",\"contentUrl\":\"https:\/\/proacomunicacion.es\/wp-content\/uploads\/2024\/01\/Logo_Light.svg\",\"width\":136,\"height\":33,\"caption\":\"PROA Comunicaci\u00f3n\"},\"image\":{\"@id\":\"https:\/\/proacomunicacion.es\/#\/schema\/logo\/image\/\"},\"sameAs\":[\"https:\/\/x.com\/proacomunica\",\"https:\/\/es.linkedin.com\/company\/proa-comunicacion_2\",\"https:\/\/www.instagram.com\/proacomunica\/\",\"https:\/\/www.youtube.com\/@proacomunicacion\",\"https:\/\/es.wikipedia.org\/wiki\/PROA_Comunicacin\"]}]}<\/script>\n<!-- \/ Yoast SEO plugin. -->","yoast_head_json":{"title":"Luc\u00eda Casanueva -- Disinformation - PROA Comunicaci\u00f3n","robots":{"index":"index","follow":"follow","max-snippet":"max-snippet:-1","max-image-preview":"max-image-preview:large","max-video-preview":"max-video-preview:-1"},"canonical":"https:\/\/proacomunicacion.es\/en\/in-the-media\/lucia-casanueva-the-disinformation\/","og_locale":"en_GB","og_type":"article","og_title":"Luc\u00eda Casanueva \u2014\u2014 La desinformaci\u00f3n - PROA Comunicaci\u00f3n","og_description":"En un ecosistema medi\u00e1tico m\u00e1s saturado que nunca, donde conviven medios tradicionales, plataformas digitales y redes sociales, la proliferaci\u00f3n de desinformaci\u00f3n plantea uno de los mayores retos contempor\u00e1neos: distinguir la verdad entre un oc\u00e9ano de datos, titulares y opiniones. As\u00ed lo denuncia la periodista y empresaria Luc\u00eda Casanueva, quien alerta de que las fake news [&hellip;]","og_url":"https:\/\/proacomunicacion.es\/en\/in-the-media\/lucia-casanueva-the-disinformation\/","og_site_name":"PROA Comunicaci\u00f3n","article_modified_time":"2025-09-15T10:47:10+00:00","og_image":[{"width":2560,"height":1707,"url":"https:\/\/proacomunicacion.es\/wp-content\/uploads\/2024\/06\/absolutvision-WYd_PkCa1BY-unsplash-scaled.jpg","type":"image\/jpeg"}],"twitter_card":"summary_large_image","twitter_site":"@proacomunica","twitter_misc":{"Estimated reading time":"1 minute"},"schema":{"@context":"https:\/\/schema.org","@graph":[{"@type":"WebPage","@id":"https:\/\/proacomunicacion.es\/en-los-medios\/lucia-casanueva-la-desinformacion\/","url":"https:\/\/proacomunicacion.es\/en-los-medios\/lucia-casanueva-la-desinformacion\/","name":"Luc\u00eda Casanueva -- Disinformation - PROA Comunicaci\u00f3n","isPartOf":{"@id":"https:\/\/proacomunicacion.es\/#website"},"primaryImageOfPage":{"@id":"https:\/\/proacomunicacion.es\/en-los-medios\/lucia-casanueva-la-desinformacion\/#primaryimage"},"image":{"@id":"https:\/\/proacomunicacion.es\/en-los-medios\/lucia-casanueva-la-desinformacion\/#primaryimage"},"thumbnailUrl":"https:\/\/proacomunicacion.es\/wp-content\/uploads\/2024\/06\/absolutvision-WYd_PkCa1BY-unsplash-scaled.jpg","datePublished":"2023-10-27T11:44:04+00:00","dateModified":"2025-09-15T10:47:10+00:00","breadcrumb":{"@id":"https:\/\/proacomunicacion.es\/en-los-medios\/lucia-casanueva-la-desinformacion\/#breadcrumb"},"inLanguage":"en-GB","potentialAction":[{"@type":"ReadAction","target":["https:\/\/proacomunicacion.es\/en-los-medios\/lucia-casanueva-la-desinformacion\/"]}]},{"@type":"ImageObject","inLanguage":"en-GB","@id":"https:\/\/proacomunicacion.es\/en-los-medios\/lucia-casanueva-la-desinformacion\/#primaryimage","url":"https:\/\/proacomunicacion.es\/wp-content\/uploads\/2024\/06\/absolutvision-WYd_PkCa1BY-unsplash-scaled.jpg","contentUrl":"https:\/\/proacomunicacion.es\/wp-content\/uploads\/2024\/06\/absolutvision-WYd_PkCa1BY-unsplash-scaled.jpg","width":2560,"height":1707},{"@type":"BreadcrumbList","@id":"https:\/\/proacomunicacion.es\/en-los-medios\/lucia-casanueva-la-desinformacion\/#breadcrumb","itemListElement":[{"@type":"ListItem","position":1,"name":"Portada","item":"https:\/\/proacomunicacion.es\/"},{"@type":"ListItem","position":2,"name":"En los medios","item":"https:\/\/proacomunicacion.es\/en-los-medios\/"},{"@type":"ListItem","position":3,"name":"Luc\u00eda Casanueva \u2014\u2014 La desinformaci\u00f3n"}]},{"@type":"WebSite","@id":"https:\/\/proacomunicacion.es\/#website","url":"https:\/\/proacomunicacion.es\/","name":"PROA Communication","description":"Corporate Communications Agency in Madrid, Barcelona and Galicia.","publisher":{"@id":"https:\/\/proacomunicacion.es\/#organization"},"alternateName":"PROA Comunicaci\u00f3n","potentialAction":[{"@type":"SearchAction","target":{"@type":"EntryPoint","urlTemplate":"https:\/\/proacomunicacion.es\/?s={search_term_string}"},"query-input":{"@type":"PropertyValueSpecification","valueRequired":true,"valueName":"search_term_string"}}],"inLanguage":"en-GB"},{"@type":"Organization","@id":"https:\/\/proacomunicacion.es\/#organization","name":"PROA Communication","alternateName":"PROA Comunicaci\u00f3n","url":"https:\/\/proacomunicacion.es\/","logo":{"@type":"ImageObject","inLanguage":"en-GB","@id":"https:\/\/proacomunicacion.es\/#\/schema\/logo\/image\/","url":"https:\/\/proacomunicacion.es\/wp-content\/uploads\/2024\/01\/Logo_Light.svg","contentUrl":"https:\/\/proacomunicacion.es\/wp-content\/uploads\/2024\/01\/Logo_Light.svg","width":136,"height":33,"caption":"PROA Comunicaci\u00f3n"},"image":{"@id":"https:\/\/proacomunicacion.es\/#\/schema\/logo\/image\/"},"sameAs":["https:\/\/x.com\/proacomunica","https:\/\/es.linkedin.com\/company\/proa-comunicacion_2","https:\/\/www.instagram.com\/proacomunica\/","https:\/\/www.youtube.com\/@proacomunicacion","https:\/\/es.wikipedia.org\/wiki\/PROA_Comunicacin"]}]}},"_links":{"self":[{"href":"https:\/\/proacomunicacion.es\/en\/wp-json\/wp\/v2\/en-los-medios\/42537","targetHints":{"allow":["GET"]}}],"collection":[{"href":"https:\/\/proacomunicacion.es\/en\/wp-json\/wp\/v2\/en-los-medios"}],"about":[{"href":"https:\/\/proacomunicacion.es\/en\/wp-json\/wp\/v2\/types\/en-los-medios"}],"author":[{"embeddable":true,"href":"https:\/\/proacomunicacion.es\/en\/wp-json\/wp\/v2\/users\/28"}],"replies":[{"embeddable":true,"href":"https:\/\/proacomunicacion.es\/en\/wp-json\/wp\/v2\/comments?post=42537"}],"version-history":[{"count":2,"href":"https:\/\/proacomunicacion.es\/en\/wp-json\/wp\/v2\/en-los-medios\/42537\/revisions"}],"predecessor-version":[{"id":46203,"href":"https:\/\/proacomunicacion.es\/en\/wp-json\/wp\/v2\/en-los-medios\/42537\/revisions\/46203"}],"wp:featuredmedia":[{"embeddable":true,"href":"https:\/\/proacomunicacion.es\/en\/wp-json\/wp\/v2\/media\/42538"}],"wp:attachment":[{"href":"https:\/\/proacomunicacion.es\/en\/wp-json\/wp\/v2\/media?parent=42537"}],"wp:term":[{"taxonomy":"servicios","embeddable":true,"href":"https:\/\/proacomunicacion.es\/en\/wp-json\/wp\/v2\/servicios?post=42537"},{"taxonomy":"sectores","embeddable":true,"href":"https:\/\/proacomunicacion.es\/en\/wp-json\/wp\/v2\/sectores?post=42537"}],"curies":[{"name":"wp","href":"https:\/\/api.w.org\/{rel}","templated":true}]}}