{"id":44691,"date":"2025-06-03T09:14:01","date_gmt":"2025-06-03T09:14:01","guid":{"rendered":"https:\/\/proacomunicacion.es\/?post_type=en-los-medios&#038;p=44691"},"modified":"2025-09-12T10:41:39","modified_gmt":"2025-09-12T08:41:39","slug":"the-lives-of-others","status":"publish","type":"en-los-medios","link":"https:\/\/proacomunicacion.es\/en\/en-los-medios\/la-vida-de-los-otros\/","title":{"rendered":"The lives of others"},"content":{"rendered":"<p>Crispation has colonised public debate and it is urgent to reverse this drift. Improving the quality of our social conversation is a task that cannot be postponed.<\/p>\n\n\n\n<p>In 2006, Florian Henckel von Donnersmarck directed The Lives of Others, a film set in the German Democratic Republic in 1984, which shows how a Stasi agent transforms his view of the world by spying on a couple of artists. The story serves as a mirror today: our public conversation has become an exercise in surveillance, judgement and suspicion. Would our private chats withstand the scrutiny of others? Probably not.<\/p>\n\n\n\n<p>Mistrust of the political class and general disenchantment have deteriorated the social climate, in a context of geopolitical uncertainty and pressure for Europe to gain strategic autonomy. But this is no time for resignation: the worse the outlook, the more opportunities there are to improve it. As Europe must come to terms with its maturity, so must civil society.<\/p>\n\n\n\n<p>Raising the level of debate involves sharpening listening and reflecting before responding. It requires organisation and individual commitment: from writing a book to using social media with civic sense. We cannot delegate everything to the state or to politicians; we all have the capacity to influence our environment. Recovering a constructive and friendly tone is key to rebuilding harmony and escaping from the impoverishing single way of thinking.<\/p>\n\n\n\n<p>This fracture is not new. Jos\u00e9 Ortega y Gasset had already warned in Espa\u00f1a invertebrada (1922) of a society enclosed in watertight compartments and of politicians given over to frivolity and verbal violence. Against this, he argued that politics should be an exciting project for a common future, capable of inspiring all citizens, especially young people.<\/p>\n\n\n\n<p>Ortega called for a \"poetic, philosophical, cordial and joyful politics\". And Henckel von Donnersmarck reminded us that, even after having gone astray, human beings can do the right thing. Our public conversation has taken a wrong turn, but there is still hope. It is time to correct it and move towards a more serene, creative and constructive dialogue.<\/p>\n\n\n\n<p><\/p>","protected":false},"excerpt":{"rendered":"<p>La crispaci\u00f3n ha colonizado el debate p\u00fablico y urge revertir esa deriva. Mejorar la calidad de nuestra conversaci\u00f3n social es una tarea inaplazable. En 2006, Florian Henckel von Donnersmarck dirigi\u00f3 La vida de los otros, una pel\u00edcula ambientada en la Rep\u00fablica Democr\u00e1tica Alemana de 1984, que muestra c\u00f3mo un agente de la Stasi transforma su [&hellip;]<\/p>\n","protected":false},"author":18,"featured_media":44778,"menu_order":0,"comment_status":"open","ping_status":"open","template":"","format":"standard","meta":{"footnotes":""},"servicios":[],"sectores":[],"class_list":["post-44691","en-los-medios","type-en-los-medios","status-publish","format-standard","has-post-thumbnail","hentry"],"yoast_head":"<!-- This site is optimized with the Yoast SEO plugin v27.0 - https:\/\/yoast.com\/product\/yoast-seo-wordpress\/ -->\n<title>La vida de los otros - PROA Comunicaci\u00f3n<\/title>\n<meta name=\"robots\" content=\"index, follow, max-snippet:-1, max-image-preview:large, max-video-preview:-1\" \/>\n<link rel=\"canonical\" href=\"https:\/\/proacomunicacion.es\/en\/in-the-media\/the-lives-of-others\/\" \/>\n<meta property=\"og:locale\" content=\"en_GB\" \/>\n<meta property=\"og:type\" content=\"article\" \/>\n<meta property=\"og:title\" content=\"La vida de los otros - PROA Comunicaci\u00f3n\" \/>\n<meta property=\"og:description\" content=\"La crispaci\u00f3n ha colonizado el debate p\u00fablico y urge revertir esa deriva. Mejorar la calidad de nuestra conversaci\u00f3n social es una tarea inaplazable. En 2006, Florian Henckel von Donnersmarck dirigi\u00f3 La vida de los otros, una pel\u00edcula ambientada en la Rep\u00fablica Democr\u00e1tica Alemana de 1984, que muestra c\u00f3mo un agente de la Stasi transforma su [&hellip;]\" \/>\n<meta property=\"og:url\" content=\"https:\/\/proacomunicacion.es\/en\/in-the-media\/the-lives-of-others\/\" \/>\n<meta property=\"og:site_name\" content=\"PROA Comunicaci\u00f3n\" \/>\n<meta property=\"article:modified_time\" content=\"2025-09-12T08:41:39+00:00\" \/>\n<meta property=\"og:image\" content=\"https:\/\/proacomunicacion.es\/wp-content\/uploads\/2025\/06\/una-pasajera-consulta-un-panel-des-salidas-de-vuelos-en-la-zona-de-facturacion-de-la-terminal-4-del-aeropuerto-adolfo-suarez-madrid-barajas.webp\" \/>\n\t<meta property=\"og:image:width\" content=\"990\" \/>\n\t<meta property=\"og:image:height\" content=\"556\" \/>\n\t<meta property=\"og:image:type\" content=\"image\/webp\" \/>\n<meta name=\"twitter:card\" content=\"summary_large_image\" \/>\n<meta name=\"twitter:site\" content=\"@proacomunica\" \/>\n<meta name=\"twitter:label1\" content=\"Estimated reading time\" \/>\n\t<meta name=\"twitter:data1\" content=\"2 minutes\" \/>\n<script type=\"application\/ld+json\" class=\"yoast-schema-graph\">{\"@context\":\"https:\/\/schema.org\",\"@graph\":[{\"@type\":\"WebPage\",\"@id\":\"https:\/\/proacomunicacion.es\/en-los-medios\/la-vida-de-los-otros\/\",\"url\":\"https:\/\/proacomunicacion.es\/en-los-medios\/la-vida-de-los-otros\/\",\"name\":\"La vida de los otros - PROA Comunicaci\u00f3n\",\"isPartOf\":{\"@id\":\"https:\/\/proacomunicacion.es\/#website\"},\"primaryImageOfPage\":{\"@id\":\"https:\/\/proacomunicacion.es\/en-los-medios\/la-vida-de-los-otros\/#primaryimage\"},\"image\":{\"@id\":\"https:\/\/proacomunicacion.es\/en-los-medios\/la-vida-de-los-otros\/#primaryimage\"},\"thumbnailUrl\":\"https:\/\/proacomunicacion.es\/wp-content\/uploads\/2025\/06\/una-pasajera-consulta-un-panel-des-salidas-de-vuelos-en-la-zona-de-facturacion-de-la-terminal-4-del-aeropuerto-adolfo-suarez-madrid-barajas.webp\",\"datePublished\":\"2025-06-03T09:14:01+00:00\",\"dateModified\":\"2025-09-12T08:41:39+00:00\",\"breadcrumb\":{\"@id\":\"https:\/\/proacomunicacion.es\/en-los-medios\/la-vida-de-los-otros\/#breadcrumb\"},\"inLanguage\":\"en-GB\",\"potentialAction\":[{\"@type\":\"ReadAction\",\"target\":[\"https:\/\/proacomunicacion.es\/en-los-medios\/la-vida-de-los-otros\/\"]}]},{\"@type\":\"ImageObject\",\"inLanguage\":\"en-GB\",\"@id\":\"https:\/\/proacomunicacion.es\/en-los-medios\/la-vida-de-los-otros\/#primaryimage\",\"url\":\"https:\/\/proacomunicacion.es\/wp-content\/uploads\/2025\/06\/una-pasajera-consulta-un-panel-des-salidas-de-vuelos-en-la-zona-de-facturacion-de-la-terminal-4-del-aeropuerto-adolfo-suarez-madrid-barajas.webp\",\"contentUrl\":\"https:\/\/proacomunicacion.es\/wp-content\/uploads\/2025\/06\/una-pasajera-consulta-un-panel-des-salidas-de-vuelos-en-la-zona-de-facturacion-de-la-terminal-4-del-aeropuerto-adolfo-suarez-madrid-barajas.webp\",\"width\":990,\"height\":556},{\"@type\":\"BreadcrumbList\",\"@id\":\"https:\/\/proacomunicacion.es\/en-los-medios\/la-vida-de-los-otros\/#breadcrumb\",\"itemListElement\":[{\"@type\":\"ListItem\",\"position\":1,\"name\":\"Portada\",\"item\":\"https:\/\/proacomunicacion.es\/\"},{\"@type\":\"ListItem\",\"position\":2,\"name\":\"En los medios\",\"item\":\"https:\/\/proacomunicacion.es\/en-los-medios\/\"},{\"@type\":\"ListItem\",\"position\":3,\"name\":\"La vida de los otros\"}]},{\"@type\":\"WebSite\",\"@id\":\"https:\/\/proacomunicacion.es\/#website\",\"url\":\"https:\/\/proacomunicacion.es\/\",\"name\":\"PROA Comunicaci\u00f3n\",\"description\":\"Agencia de Comunicaci\u00f3n Corporativa en Madrid, Barcelona y Galicia.\",\"publisher\":{\"@id\":\"https:\/\/proacomunicacion.es\/#organization\"},\"alternateName\":\"PROA Comunicaci\u00f3n\",\"potentialAction\":[{\"@type\":\"SearchAction\",\"target\":{\"@type\":\"EntryPoint\",\"urlTemplate\":\"https:\/\/proacomunicacion.es\/?s={search_term_string}\"},\"query-input\":{\"@type\":\"PropertyValueSpecification\",\"valueRequired\":true,\"valueName\":\"search_term_string\"}}],\"inLanguage\":\"en-GB\"},{\"@type\":\"Organization\",\"@id\":\"https:\/\/proacomunicacion.es\/#organization\",\"name\":\"PROA Comunicaci\u00f3n\",\"alternateName\":\"PROA Comunicaci\u00f3n\",\"url\":\"https:\/\/proacomunicacion.es\/\",\"logo\":{\"@type\":\"ImageObject\",\"inLanguage\":\"en-GB\",\"@id\":\"https:\/\/proacomunicacion.es\/#\/schema\/logo\/image\/\",\"url\":\"https:\/\/proacomunicacion.es\/wp-content\/uploads\/2024\/01\/Logo_Light.svg\",\"contentUrl\":\"https:\/\/proacomunicacion.es\/wp-content\/uploads\/2024\/01\/Logo_Light.svg\",\"width\":136,\"height\":33,\"caption\":\"PROA Comunicaci\u00f3n\"},\"image\":{\"@id\":\"https:\/\/proacomunicacion.es\/#\/schema\/logo\/image\/\"},\"sameAs\":[\"https:\/\/x.com\/proacomunica\",\"https:\/\/es.linkedin.com\/company\/proa-comunicacion_2\",\"https:\/\/www.instagram.com\/proacomunica\/\",\"https:\/\/www.youtube.com\/@proacomunicacion\",\"https:\/\/es.wikipedia.org\/wiki\/PROA_Comunicacin\"]}]}<\/script>\n<!-- \/ Yoast SEO plugin. -->","yoast_head_json":{"title":"The life of others - PROA Comunicaci\u00f3n","robots":{"index":"index","follow":"follow","max-snippet":"max-snippet:-1","max-image-preview":"max-image-preview:large","max-video-preview":"max-video-preview:-1"},"canonical":"https:\/\/proacomunicacion.es\/en\/in-the-media\/the-lives-of-others\/","og_locale":"en_GB","og_type":"article","og_title":"La vida de los otros - PROA Comunicaci\u00f3n","og_description":"La crispaci\u00f3n ha colonizado el debate p\u00fablico y urge revertir esa deriva. Mejorar la calidad de nuestra conversaci\u00f3n social es una tarea inaplazable. En 2006, Florian Henckel von Donnersmarck dirigi\u00f3 La vida de los otros, una pel\u00edcula ambientada en la Rep\u00fablica Democr\u00e1tica Alemana de 1984, que muestra c\u00f3mo un agente de la Stasi transforma su [&hellip;]","og_url":"https:\/\/proacomunicacion.es\/en\/in-the-media\/the-lives-of-others\/","og_site_name":"PROA Comunicaci\u00f3n","article_modified_time":"2025-09-12T08:41:39+00:00","og_image":[{"width":990,"height":556,"url":"https:\/\/proacomunicacion.es\/wp-content\/uploads\/2025\/06\/una-pasajera-consulta-un-panel-des-salidas-de-vuelos-en-la-zona-de-facturacion-de-la-terminal-4-del-aeropuerto-adolfo-suarez-madrid-barajas.webp","type":"image\/webp"}],"twitter_card":"summary_large_image","twitter_site":"@proacomunica","twitter_misc":{"Estimated reading time":"2 minutes"},"schema":{"@context":"https:\/\/schema.org","@graph":[{"@type":"WebPage","@id":"https:\/\/proacomunicacion.es\/en-los-medios\/la-vida-de-los-otros\/","url":"https:\/\/proacomunicacion.es\/en-los-medios\/la-vida-de-los-otros\/","name":"The life of others - PROA Comunicaci\u00f3n","isPartOf":{"@id":"https:\/\/proacomunicacion.es\/#website"},"primaryImageOfPage":{"@id":"https:\/\/proacomunicacion.es\/en-los-medios\/la-vida-de-los-otros\/#primaryimage"},"image":{"@id":"https:\/\/proacomunicacion.es\/en-los-medios\/la-vida-de-los-otros\/#primaryimage"},"thumbnailUrl":"https:\/\/proacomunicacion.es\/wp-content\/uploads\/2025\/06\/una-pasajera-consulta-un-panel-des-salidas-de-vuelos-en-la-zona-de-facturacion-de-la-terminal-4-del-aeropuerto-adolfo-suarez-madrid-barajas.webp","datePublished":"2025-06-03T09:14:01+00:00","dateModified":"2025-09-12T08:41:39+00:00","breadcrumb":{"@id":"https:\/\/proacomunicacion.es\/en-los-medios\/la-vida-de-los-otros\/#breadcrumb"},"inLanguage":"en-GB","potentialAction":[{"@type":"ReadAction","target":["https:\/\/proacomunicacion.es\/en-los-medios\/la-vida-de-los-otros\/"]}]},{"@type":"ImageObject","inLanguage":"en-GB","@id":"https:\/\/proacomunicacion.es\/en-los-medios\/la-vida-de-los-otros\/#primaryimage","url":"https:\/\/proacomunicacion.es\/wp-content\/uploads\/2025\/06\/una-pasajera-consulta-un-panel-des-salidas-de-vuelos-en-la-zona-de-facturacion-de-la-terminal-4-del-aeropuerto-adolfo-suarez-madrid-barajas.webp","contentUrl":"https:\/\/proacomunicacion.es\/wp-content\/uploads\/2025\/06\/una-pasajera-consulta-un-panel-des-salidas-de-vuelos-en-la-zona-de-facturacion-de-la-terminal-4-del-aeropuerto-adolfo-suarez-madrid-barajas.webp","width":990,"height":556},{"@type":"BreadcrumbList","@id":"https:\/\/proacomunicacion.es\/en-los-medios\/la-vida-de-los-otros\/#breadcrumb","itemListElement":[{"@type":"ListItem","position":1,"name":"Portada","item":"https:\/\/proacomunicacion.es\/"},{"@type":"ListItem","position":2,"name":"En los medios","item":"https:\/\/proacomunicacion.es\/en-los-medios\/"},{"@type":"ListItem","position":3,"name":"La vida de los otros"}]},{"@type":"WebSite","@id":"https:\/\/proacomunicacion.es\/#website","url":"https:\/\/proacomunicacion.es\/","name":"PROA Communication","description":"Corporate Communications Agency in Madrid, Barcelona and Galicia.","publisher":{"@id":"https:\/\/proacomunicacion.es\/#organization"},"alternateName":"PROA Comunicaci\u00f3n","potentialAction":[{"@type":"SearchAction","target":{"@type":"EntryPoint","urlTemplate":"https:\/\/proacomunicacion.es\/?s={search_term_string}"},"query-input":{"@type":"PropertyValueSpecification","valueRequired":true,"valueName":"search_term_string"}}],"inLanguage":"en-GB"},{"@type":"Organization","@id":"https:\/\/proacomunicacion.es\/#organization","name":"PROA Communication","alternateName":"PROA Comunicaci\u00f3n","url":"https:\/\/proacomunicacion.es\/","logo":{"@type":"ImageObject","inLanguage":"en-GB","@id":"https:\/\/proacomunicacion.es\/#\/schema\/logo\/image\/","url":"https:\/\/proacomunicacion.es\/wp-content\/uploads\/2024\/01\/Logo_Light.svg","contentUrl":"https:\/\/proacomunicacion.es\/wp-content\/uploads\/2024\/01\/Logo_Light.svg","width":136,"height":33,"caption":"PROA Comunicaci\u00f3n"},"image":{"@id":"https:\/\/proacomunicacion.es\/#\/schema\/logo\/image\/"},"sameAs":["https:\/\/x.com\/proacomunica","https:\/\/es.linkedin.com\/company\/proa-comunicacion_2","https:\/\/www.instagram.com\/proacomunica\/","https:\/\/www.youtube.com\/@proacomunicacion","https:\/\/es.wikipedia.org\/wiki\/PROA_Comunicacin"]}]}},"_links":{"self":[{"href":"https:\/\/proacomunicacion.es\/en\/wp-json\/wp\/v2\/en-los-medios\/44691","targetHints":{"allow":["GET"]}}],"collection":[{"href":"https:\/\/proacomunicacion.es\/en\/wp-json\/wp\/v2\/en-los-medios"}],"about":[{"href":"https:\/\/proacomunicacion.es\/en\/wp-json\/wp\/v2\/types\/en-los-medios"}],"author":[{"embeddable":true,"href":"https:\/\/proacomunicacion.es\/en\/wp-json\/wp\/v2\/users\/18"}],"replies":[{"embeddable":true,"href":"https:\/\/proacomunicacion.es\/en\/wp-json\/wp\/v2\/comments?post=44691"}],"version-history":[{"count":3,"href":"https:\/\/proacomunicacion.es\/en\/wp-json\/wp\/v2\/en-los-medios\/44691\/revisions"}],"predecessor-version":[{"id":46159,"href":"https:\/\/proacomunicacion.es\/en\/wp-json\/wp\/v2\/en-los-medios\/44691\/revisions\/46159"}],"wp:featuredmedia":[{"embeddable":true,"href":"https:\/\/proacomunicacion.es\/en\/wp-json\/wp\/v2\/media\/44778"}],"wp:attachment":[{"href":"https:\/\/proacomunicacion.es\/en\/wp-json\/wp\/v2\/media?parent=44691"}],"wp:term":[{"taxonomy":"servicios","embeddable":true,"href":"https:\/\/proacomunicacion.es\/en\/wp-json\/wp\/v2\/servicios?post=44691"},{"taxonomy":"sectores","embeddable":true,"href":"https:\/\/proacomunicacion.es\/en\/wp-json\/wp\/v2\/sectores?post=44691"}],"curies":[{"name":"wp","href":"https:\/\/api.w.org\/{rel}","templated":true}]}}