{"id":46427,"date":"2026-02-19T14:21:28","date_gmt":"2026-02-19T13:21:28","guid":{"rendered":"https:\/\/proacomunicacion.es\/?post_type=evento&#038;p=46427"},"modified":"2026-02-19T16:30:44","modified_gmt":"2026-02-19T15:30:44","slug":"the-european-union-and-the-new-world-order","status":"publish","type":"evento","link":"https:\/\/proacomunicacion.es\/en\/evento\/la-union-europea-ante-el-nuevo-orden-mundial\/","title":{"rendered":"The European Union in the new world order"},"content":{"rendered":"<p><strong>On Wednesday 18 March, PROA Comunicaci\u00f3n is organising the Current Affairs Dialogue \u2018The European Union and the New World Order\u2019. The session will be held from 14:00 to 16:30 and will be attended by Josep Borrell, former High Representative of the Union for Foreign Affairs and Security Policy and Vice-President of the European Commission, and Juan Mar\u00eda Nin, former President of the European Commission.<\/strong>, <strong>President of the C\u00edrculo de Empresarios.<\/strong><\/p>\n\n\n\n<p><strong>Limited capacity. Attendance is by invitation only<\/strong>. For more information:&nbsp;<strong><a href=\"mailto:carlos.pelaez@proacomunicacion.es\">carlos.pelaez@proacomunicacion.es<\/a><\/strong><\/p>","protected":false},"featured_media":0,"template":"","class_list":["post-46427","evento","type-evento","status-publish","hentry"],"yoast_head":"<!-- This site is optimized with the Yoast SEO plugin v27.0 - https:\/\/yoast.com\/product\/yoast-seo-wordpress\/ -->\n<title>La Uni\u00f3n Europea ante el nuevo orden mundial - PROA Comunicaci\u00f3n<\/title>\n<meta name=\"robots\" content=\"index, follow, max-snippet:-1, max-image-preview:large, max-video-preview:-1\" \/>\n<link rel=\"canonical\" href=\"https:\/\/proacomunicacion.es\/en\/event\/the-european-union-and-the-new-world-order\/\" \/>\n<meta property=\"og:locale\" content=\"en_GB\" \/>\n<meta property=\"og:type\" content=\"article\" \/>\n<meta property=\"og:title\" content=\"La Uni\u00f3n Europea ante el nuevo orden mundial - PROA Comunicaci\u00f3n\" \/>\n<meta property=\"og:description\" content=\"PROA Comunicaci\u00f3n\u00a0organiza\u00a0el mi\u00e9rcoles 18 de marzo el Di\u00e1logo de Actualidad &#8216;La Uni\u00f3n Europea ante el nuevo orden mundial&#8217;.\u00a0La sesi\u00f3n se celebrar\u00e1 de 14:00 a 16:30 h y contar\u00e1 con la participaci\u00f3n de\u00a0Josep Borrell, ex Alto Representante de la Uni\u00f3n para Asuntos Exteriores y Pol\u00edtica de Seguridad y Vicepresidente de la Comisi\u00f3n Europea, y Juan Mar\u00eda [&hellip;]\" \/>\n<meta property=\"og:url\" content=\"https:\/\/proacomunicacion.es\/en\/event\/the-european-union-and-the-new-world-order\/\" \/>\n<meta property=\"og:site_name\" content=\"PROA Comunicaci\u00f3n\" \/>\n<meta property=\"article:modified_time\" content=\"2026-02-19T15:30:44+00:00\" \/>\n<meta property=\"og:image\" content=\"https:\/\/proacomunicacion.es\/wp-content\/uploads\/2025\/08\/Firefly_radio-de-barco-scaled.jpg\" \/>\n\t<meta property=\"og:image:width\" content=\"2560\" \/>\n\t<meta property=\"og:image:height\" content=\"1414\" \/>\n\t<meta property=\"og:image:type\" content=\"image\/jpeg\" \/>\n<meta name=\"twitter:card\" content=\"summary_large_image\" \/>\n<meta name=\"twitter:site\" content=\"@proacomunica\" \/>\n<meta name=\"twitter:label1\" content=\"Estimated reading time\" \/>\n\t<meta name=\"twitter:data1\" content=\"1 minute\" \/>\n<script type=\"application\/ld+json\" class=\"yoast-schema-graph\">{\"@context\":\"https:\/\/schema.org\",\"@graph\":[{\"@type\":\"WebPage\",\"@id\":\"https:\/\/proacomunicacion.es\/evento\/la-union-europea-ante-el-nuevo-orden-mundial\/\",\"url\":\"https:\/\/proacomunicacion.es\/evento\/la-union-europea-ante-el-nuevo-orden-mundial\/\",\"name\":\"La Uni\u00f3n Europea ante el nuevo orden mundial - PROA Comunicaci\u00f3n\",\"isPartOf\":{\"@id\":\"https:\/\/proacomunicacion.es\/#website\"},\"datePublished\":\"2026-02-19T13:21:28+00:00\",\"dateModified\":\"2026-02-19T15:30:44+00:00\",\"breadcrumb\":{\"@id\":\"https:\/\/proacomunicacion.es\/evento\/la-union-europea-ante-el-nuevo-orden-mundial\/#breadcrumb\"},\"inLanguage\":\"en-GB\",\"potentialAction\":[{\"@type\":\"ReadAction\",\"target\":[\"https:\/\/proacomunicacion.es\/evento\/la-union-europea-ante-el-nuevo-orden-mundial\/\"]}]},{\"@type\":\"BreadcrumbList\",\"@id\":\"https:\/\/proacomunicacion.es\/evento\/la-union-europea-ante-el-nuevo-orden-mundial\/#breadcrumb\",\"itemListElement\":[{\"@type\":\"ListItem\",\"position\":1,\"name\":\"Portada\",\"item\":\"https:\/\/proacomunicacion.es\/\"},{\"@type\":\"ListItem\",\"position\":2,\"name\":\"Eventos\",\"item\":\"https:\/\/proacomunicacion.es\/evento\/\"},{\"@type\":\"ListItem\",\"position\":3,\"name\":\"La Uni\u00f3n Europea ante el nuevo orden mundial\"}]},{\"@type\":\"WebSite\",\"@id\":\"https:\/\/proacomunicacion.es\/#website\",\"url\":\"https:\/\/proacomunicacion.es\/\",\"name\":\"PROA Comunicaci\u00f3n\",\"description\":\"Agencia de Comunicaci\u00f3n Corporativa en Madrid, Barcelona y Galicia.\",\"publisher\":{\"@id\":\"https:\/\/proacomunicacion.es\/#organization\"},\"alternateName\":\"PROA Comunicaci\u00f3n\",\"potentialAction\":[{\"@type\":\"SearchAction\",\"target\":{\"@type\":\"EntryPoint\",\"urlTemplate\":\"https:\/\/proacomunicacion.es\/?s={search_term_string}\"},\"query-input\":{\"@type\":\"PropertyValueSpecification\",\"valueRequired\":true,\"valueName\":\"search_term_string\"}}],\"inLanguage\":\"en-GB\"},{\"@type\":\"Organization\",\"@id\":\"https:\/\/proacomunicacion.es\/#organization\",\"name\":\"PROA Comunicaci\u00f3n\",\"alternateName\":\"PROA Comunicaci\u00f3n\",\"url\":\"https:\/\/proacomunicacion.es\/\",\"logo\":{\"@type\":\"ImageObject\",\"inLanguage\":\"en-GB\",\"@id\":\"https:\/\/proacomunicacion.es\/#\/schema\/logo\/image\/\",\"url\":\"https:\/\/proacomunicacion.es\/wp-content\/uploads\/2024\/01\/Logo_Light.svg\",\"contentUrl\":\"https:\/\/proacomunicacion.es\/wp-content\/uploads\/2024\/01\/Logo_Light.svg\",\"width\":136,\"height\":33,\"caption\":\"PROA Comunicaci\u00f3n\"},\"image\":{\"@id\":\"https:\/\/proacomunicacion.es\/#\/schema\/logo\/image\/\"},\"sameAs\":[\"https:\/\/x.com\/proacomunica\",\"https:\/\/es.linkedin.com\/company\/proa-comunicacion_2\",\"https:\/\/www.instagram.com\/proacomunica\/\",\"https:\/\/www.youtube.com\/@proacomunicacion\",\"https:\/\/es.wikipedia.org\/wiki\/PROA_Comunicacin\"]}]}<\/script>\n<!-- \/ Yoast SEO plugin. -->","yoast_head_json":{"title":"The European Union and the new world order - PROA Comunicaci\u00f3n","robots":{"index":"index","follow":"follow","max-snippet":"max-snippet:-1","max-image-preview":"max-image-preview:large","max-video-preview":"max-video-preview:-1"},"canonical":"https:\/\/proacomunicacion.es\/en\/event\/the-european-union-and-the-new-world-order\/","og_locale":"en_GB","og_type":"article","og_title":"La Uni\u00f3n Europea ante el nuevo orden mundial - PROA Comunicaci\u00f3n","og_description":"PROA Comunicaci\u00f3n\u00a0organiza\u00a0el mi\u00e9rcoles 18 de marzo el Di\u00e1logo de Actualidad &#8216;La Uni\u00f3n Europea ante el nuevo orden mundial&#8217;.\u00a0La sesi\u00f3n se celebrar\u00e1 de 14:00 a 16:30 h y contar\u00e1 con la participaci\u00f3n de\u00a0Josep Borrell, ex Alto Representante de la Uni\u00f3n para Asuntos Exteriores y Pol\u00edtica de Seguridad y Vicepresidente de la Comisi\u00f3n Europea, y Juan Mar\u00eda [&hellip;]","og_url":"https:\/\/proacomunicacion.es\/en\/event\/the-european-union-and-the-new-world-order\/","og_site_name":"PROA Comunicaci\u00f3n","article_modified_time":"2026-02-19T15:30:44+00:00","og_image":[{"width":2560,"height":1414,"url":"https:\/\/proacomunicacion.es\/wp-content\/uploads\/2025\/08\/Firefly_radio-de-barco-scaled.jpg","type":"image\/jpeg"}],"twitter_card":"summary_large_image","twitter_site":"@proacomunica","twitter_misc":{"Estimated reading time":"1 minute"},"schema":{"@context":"https:\/\/schema.org","@graph":[{"@type":"WebPage","@id":"https:\/\/proacomunicacion.es\/evento\/la-union-europea-ante-el-nuevo-orden-mundial\/","url":"https:\/\/proacomunicacion.es\/evento\/la-union-europea-ante-el-nuevo-orden-mundial\/","name":"The European Union and the new world order - PROA Comunicaci\u00f3n","isPartOf":{"@id":"https:\/\/proacomunicacion.es\/#website"},"datePublished":"2026-02-19T13:21:28+00:00","dateModified":"2026-02-19T15:30:44+00:00","breadcrumb":{"@id":"https:\/\/proacomunicacion.es\/evento\/la-union-europea-ante-el-nuevo-orden-mundial\/#breadcrumb"},"inLanguage":"en-GB","potentialAction":[{"@type":"ReadAction","target":["https:\/\/proacomunicacion.es\/evento\/la-union-europea-ante-el-nuevo-orden-mundial\/"]}]},{"@type":"BreadcrumbList","@id":"https:\/\/proacomunicacion.es\/evento\/la-union-europea-ante-el-nuevo-orden-mundial\/#breadcrumb","itemListElement":[{"@type":"ListItem","position":1,"name":"Portada","item":"https:\/\/proacomunicacion.es\/"},{"@type":"ListItem","position":2,"name":"Eventos","item":"https:\/\/proacomunicacion.es\/evento\/"},{"@type":"ListItem","position":3,"name":"La Uni\u00f3n Europea ante el nuevo orden mundial"}]},{"@type":"WebSite","@id":"https:\/\/proacomunicacion.es\/#website","url":"https:\/\/proacomunicacion.es\/","name":"PROA Communication","description":"Corporate Communications Agency in Madrid, Barcelona and Galicia.","publisher":{"@id":"https:\/\/proacomunicacion.es\/#organization"},"alternateName":"PROA Comunicaci\u00f3n","potentialAction":[{"@type":"SearchAction","target":{"@type":"EntryPoint","urlTemplate":"https:\/\/proacomunicacion.es\/?s={search_term_string}"},"query-input":{"@type":"PropertyValueSpecification","valueRequired":true,"valueName":"search_term_string"}}],"inLanguage":"en-GB"},{"@type":"Organization","@id":"https:\/\/proacomunicacion.es\/#organization","name":"PROA Communication","alternateName":"PROA Comunicaci\u00f3n","url":"https:\/\/proacomunicacion.es\/","logo":{"@type":"ImageObject","inLanguage":"en-GB","@id":"https:\/\/proacomunicacion.es\/#\/schema\/logo\/image\/","url":"https:\/\/proacomunicacion.es\/wp-content\/uploads\/2024\/01\/Logo_Light.svg","contentUrl":"https:\/\/proacomunicacion.es\/wp-content\/uploads\/2024\/01\/Logo_Light.svg","width":136,"height":33,"caption":"PROA Comunicaci\u00f3n"},"image":{"@id":"https:\/\/proacomunicacion.es\/#\/schema\/logo\/image\/"},"sameAs":["https:\/\/x.com\/proacomunica","https:\/\/es.linkedin.com\/company\/proa-comunicacion_2","https:\/\/www.instagram.com\/proacomunica\/","https:\/\/www.youtube.com\/@proacomunicacion","https:\/\/es.wikipedia.org\/wiki\/PROA_Comunicacin"]}]}},"_links":{"self":[{"href":"https:\/\/proacomunicacion.es\/en\/wp-json\/wp\/v2\/evento\/46427","targetHints":{"allow":["GET"]}}],"collection":[{"href":"https:\/\/proacomunicacion.es\/en\/wp-json\/wp\/v2\/evento"}],"about":[{"href":"https:\/\/proacomunicacion.es\/en\/wp-json\/wp\/v2\/types\/evento"}],"wp:attachment":[{"href":"https:\/\/proacomunicacion.es\/en\/wp-json\/wp\/v2\/media?parent=46427"}],"curies":[{"name":"wp","href":"https:\/\/api.w.org\/{rel}","templated":true}]}}